{"id":20523,"date":"2021-06-03T00:09:14","date_gmt":"2021-06-02T22:09:14","guid":{"rendered":"https:\/\/mastinell.com\/?page_id=20523"},"modified":"2024-08-03T08:37:26","modified_gmt":"2024-08-03T06:37:26","slug":"espais","status":"publish","type":"page","link":"https:\/\/shop.mastinell.com\/ca\/hotel\/espais\/","title":{"rendered":"ESPAIS"},"content":{"rendered":"\t\t<div data-elementor-type=\"wp-page\" data-elementor-id=\"20523\" class=\"elementor elementor-20523 elementor-8329\" data-elementor-post-type=\"page\">\n\t\t\t\t\t\t<section class=\"elementor-section elementor-top-section elementor-element elementor-element-f480eae elementor-section-height-min-height elementor-section-content-middle elementor-section-stretched elementor-section-boxed elementor-section-height-default elementor-section-items-middle\" data-id=\"f480eae\" data-element_type=\"section\" data-settings=\"{&quot;stretch_section&quot;:&quot;section-stretched&quot;,&quot;background_background&quot;:&quot;classic&quot;}\">\n\t\t\t\t\t\t<div class=\"elementor-container elementor-column-gap-default\">\n\t\t\t\t\t<div class=\"elementor-column elementor-col-100 elementor-top-column elementor-element elementor-element-d0c9c89\" data-id=\"d0c9c89\" data-element_type=\"column\">\n\t\t\t<div class=\"elementor-widget-wrap elementor-element-populated\">\n\t\t\t\t\t\t<div class=\"elementor-element elementor-element-5b39170a elementor-hidden-tablet elementor-hidden-phone elementor-widget elementor-widget-heading\" data-id=\"5b39170a\" data-element_type=\"widget\" data-widget_type=\"heading.default\">\n\t\t\t\t<div class=\"elementor-widget-container\">\n\t\t\t\t\t<h1 class=\"elementor-heading-title elementor-size-default\">Un oasi de pau i tranquil\u00b7litat\n<\/h1>\t\t\t\t<\/div>\n\t\t\t\t<\/div>\n\t\t\t\t\t<\/div>\n\t\t<\/div>\n\t\t\t\t\t<\/div>\n\t\t<\/section>\n\t\t\t\t<section class=\"elementor-section elementor-top-section elementor-element elementor-element-9a2a5f7 elementor-hidden-desktop elementor-section-boxed elementor-section-height-default elementor-section-height-default\" data-id=\"9a2a5f7\" data-element_type=\"section\">\n\t\t\t\t\t\t<div class=\"elementor-container elementor-column-gap-default\">\n\t\t\t\t\t<div class=\"elementor-column elementor-col-100 elementor-top-column elementor-element elementor-element-64962fe\" data-id=\"64962fe\" data-element_type=\"column\">\n\t\t\t<div class=\"elementor-widget-wrap elementor-element-populated\">\n\t\t\t\t\t\t<div class=\"elementor-element elementor-element-d3ffdf2 elementor-widget elementor-widget-heading\" data-id=\"d3ffdf2\" data-element_type=\"widget\" data-widget_type=\"heading.default\">\n\t\t\t\t<div class=\"elementor-widget-container\">\n\t\t\t\t\t<p class=\"elementor-heading-title elementor-size-default\">Un oasi de pau i tranquil\u00b7litat\n<\/p>\t\t\t\t<\/div>\n\t\t\t\t<\/div>\n\t\t\t\t\t<\/div>\n\t\t<\/div>\n\t\t\t\t\t<\/div>\n\t\t<\/section>\n\t\t\t\t<section class=\"elementor-section elementor-top-section elementor-element elementor-element-6d765c8 elementor-section-boxed elementor-section-height-default elementor-section-height-default\" data-id=\"6d765c8\" data-element_type=\"section\">\n\t\t\t\t\t\t<div class=\"elementor-container elementor-column-gap-default\">\n\t\t\t\t\t<div class=\"elementor-column elementor-col-50 elementor-top-column elementor-element elementor-element-43ad101\" data-id=\"43ad101\" data-element_type=\"column\">\n\t\t\t<div class=\"elementor-widget-wrap elementor-element-populated\">\n\t\t\t\t\t\t<div class=\"elementor-element elementor-element-cc2f754 elementor-widget elementor-widget-image\" data-id=\"cc2f754\" data-element_type=\"widget\" data-widget_type=\"image.default\">\n\t\t\t\t<div class=\"elementor-widget-container\">\n\t\t\t\t\t\t\t\t\t\t\t\t\t\t\t\t<a href=\"https:\/\/shop.mastinell.com\/ca\/hotel\/espais\/espai-gastronomic-en-rima\/\">\n\t\t\t\t\t\t\t<img fetchpriority=\"high\" decoding=\"async\" width=\"800\" height=\"626\" src=\"https:\/\/shop.mastinell.com\/wp-content\/uploads\/2021\/02\/hotel_espacios_restaurante-1024x801.jpg\" class=\"attachment-large size-large wp-image-12755\" alt=\"espacio restaurante En Rima Mastinell hotel con bodega\" srcset=\"https:\/\/shop.mastinell.com\/wp-content\/uploads\/2021\/02\/hotel_espacios_restaurante-1024x801.jpg 1024w, https:\/\/shop.mastinell.com\/wp-content\/uploads\/2021\/02\/hotel_espacios_restaurante-300x235.jpg 300w, https:\/\/shop.mastinell.com\/wp-content\/uploads\/2021\/02\/hotel_espacios_restaurante-768x601.jpg 768w, https:\/\/shop.mastinell.com\/wp-content\/uploads\/2021\/02\/hotel_espacios_restaurante-16x12.jpg 16w, https:\/\/shop.mastinell.com\/wp-content\/uploads\/2021\/02\/hotel_espacios_restaurante-660x516.jpg 660w, https:\/\/shop.mastinell.com\/wp-content\/uploads\/2021\/02\/hotel_espacios_restaurante-945x739.jpg 945w, https:\/\/shop.mastinell.com\/wp-content\/uploads\/2021\/02\/elementor\/thumbs\/hotel_espacios_restaurante-p2p58x0zk3rp46mhdf52nfjaxjamqq2arh5n29he7w.jpg 703w, https:\/\/shop.mastinell.com\/wp-content\/uploads\/2021\/02\/hotel_espacios_restaurante.jpg 1406w\" sizes=\"(max-width: 800px) 100vw, 800px\" \/>\t\t\t\t\t\t\t\t<\/a>\n\t\t\t\t\t\t\t\t\t\t\t\t\t\t\t<\/div>\n\t\t\t\t<\/div>\n\t\t\t\t<div class=\"elementor-element elementor-element-cac1e10 elementor-widget elementor-widget-heading\" data-id=\"cac1e10\" data-element_type=\"widget\" data-widget_type=\"heading.default\">\n\t\t\t\t<div class=\"elementor-widget-container\">\n\t\t\t\t\t<h2 class=\"elementor-heading-title elementor-size-default\"><a href=\"https:\/\/shop.mastinell.com\/ca\/hotel\/espais\/espai-gastronomic-en-rima\/\">Espai gastron\u00f2mic En Rima\n<\/a><\/h2>\t\t\t\t<\/div>\n\t\t\t\t<\/div>\n\t\t\t\t<div class=\"elementor-element elementor-element-a6e501b elementor-widget-divider--view-line elementor-widget elementor-widget-divider\" data-id=\"a6e501b\" data-element_type=\"widget\" data-widget_type=\"divider.default\">\n\t\t\t\t<div class=\"elementor-widget-container\">\n\t\t\t\t\t\t\t<div class=\"elementor-divider\">\n\t\t\t<span class=\"elementor-divider-separator\">\n\t\t\t\t\t\t<\/span>\n\t\t<\/div>\n\t\t\t\t\t\t<\/div>\n\t\t\t\t<\/div>\n\t\t\t\t<div class=\"elementor-element elementor-element-822d409 elementor-widget elementor-widget-text-editor\" data-id=\"822d409\" data-element_type=\"widget\" data-widget_type=\"text-editor.default\">\n\t\t\t\t<div class=\"elementor-widget-container\">\n\t\t\t\t\t\t\t\t\t<p class=\"p1\"><br \/><span style=\"font-weight: 400;\">Et donem la benvinguda a l\u2019Espai Gastron\u00f2mic En Rima, una aut\u00e8ntica del\u00edcia pels hostes m\u00e9s gourmet. Podr\u00e0s gaudir de l\u2019exquisida gastronomia <\/span><i><span style=\"font-weight: 400;\">slow food<\/span><\/i><span style=\"font-weight: 400;\">, a base de productes de proximitat, de temporada i km 0.<\/span><\/p>\t\t\t\t\t\t\t\t<\/div>\n\t\t\t\t<\/div>\n\t\t\t\t<div class=\"elementor-element elementor-element-62f6248 elementor-absolute elementor-widget elementor-widget-button\" data-id=\"62f6248\" data-element_type=\"widget\" data-settings=\"{&quot;_position&quot;:&quot;absolute&quot;}\" data-widget_type=\"button.default\">\n\t\t\t\t<div class=\"elementor-widget-container\">\n\t\t\t\t\t\t\t\t\t<div class=\"elementor-button-wrapper\">\n\t\t\t\t\t<a class=\"elementor-button elementor-button-link elementor-size-sm\" href=\"https:\/\/shop.mastinell.com\/ca\/hotel\/espais\/espai-gastronomic-en-rima\/\">\n\t\t\t\t\t\t<span class=\"elementor-button-content-wrapper\">\n\t\t\t\t\t\t\t\t\t<span class=\"elementor-button-text\">veure<\/span>\n\t\t\t\t\t<\/span>\n\t\t\t\t\t<\/a>\n\t\t\t\t<\/div>\n\t\t\t\t\t\t\t\t<\/div>\n\t\t\t\t<\/div>\n\t\t\t\t\t<\/div>\n\t\t<\/div>\n\t\t\t\t<div class=\"elementor-column elementor-col-50 elementor-top-column elementor-element elementor-element-a22ae48\" data-id=\"a22ae48\" data-element_type=\"column\">\n\t\t\t<div class=\"elementor-widget-wrap elementor-element-populated\">\n\t\t\t\t\t\t<div class=\"elementor-element elementor-element-5a08f38 elementor-widget elementor-widget-image\" data-id=\"5a08f38\" data-element_type=\"widget\" data-widget_type=\"image.default\">\n\t\t\t\t<div class=\"elementor-widget-container\">\n\t\t\t\t\t\t\t\t\t\t\t\t\t\t\t\t<a href=\"https:\/\/shop.mastinell.com\/ca\/hotel\/espais\/pisicna-entre-vinyes-i-hort-ecologic\/\">\n\t\t\t\t\t\t\t<img decoding=\"async\" width=\"800\" height=\"626\" src=\"https:\/\/shop.mastinell.com\/wp-content\/uploads\/2021\/03\/hotel_espacios_piscina-1024x801.jpg\" class=\"attachment-large size-large wp-image-16947\" alt=\"\" srcset=\"https:\/\/shop.mastinell.com\/wp-content\/uploads\/2021\/03\/hotel_espacios_piscina-1024x801.jpg 1024w, https:\/\/shop.mastinell.com\/wp-content\/uploads\/2021\/03\/hotel_espacios_piscina-300x235.jpg 300w, https:\/\/shop.mastinell.com\/wp-content\/uploads\/2021\/03\/hotel_espacios_piscina-768x601.jpg 768w, https:\/\/shop.mastinell.com\/wp-content\/uploads\/2021\/03\/hotel_espacios_piscina-16x12.jpg 16w, https:\/\/shop.mastinell.com\/wp-content\/uploads\/2021\/03\/hotel_espacios_piscina-660x516.jpg 660w, https:\/\/shop.mastinell.com\/wp-content\/uploads\/2021\/03\/hotel_espacios_piscina-945x739.jpg 945w, https:\/\/shop.mastinell.com\/wp-content\/uploads\/2021\/03\/hotel_espacios_piscina.jpg 1406w\" sizes=\"(max-width: 800px) 100vw, 800px\" \/>\t\t\t\t\t\t\t\t<\/a>\n\t\t\t\t\t\t\t\t\t\t\t\t\t\t\t<\/div>\n\t\t\t\t<\/div>\n\t\t\t\t<div class=\"elementor-element elementor-element-0ef93af elementor-widget elementor-widget-heading\" data-id=\"0ef93af\" data-element_type=\"widget\" data-widget_type=\"heading.default\">\n\t\t\t\t<div class=\"elementor-widget-container\">\n\t\t\t\t\t<h2 class=\"elementor-heading-title elementor-size-default\"><a href=\"https:\/\/shop.mastinell.com\/ca\/hotel\/espais\/pisicna-entre-vinyes-i-hort-ecologic\/\">Piscina entre vinyes i hort ecol\u00f2gic\n<\/a><\/h2>\t\t\t\t<\/div>\n\t\t\t\t<\/div>\n\t\t\t\t<div class=\"elementor-element elementor-element-8d8f8a9 elementor-widget-divider--view-line elementor-widget elementor-widget-divider\" data-id=\"8d8f8a9\" data-element_type=\"widget\" data-widget_type=\"divider.default\">\n\t\t\t\t<div class=\"elementor-widget-container\">\n\t\t\t\t\t\t\t<div class=\"elementor-divider\">\n\t\t\t<span class=\"elementor-divider-separator\">\n\t\t\t\t\t\t<\/span>\n\t\t<\/div>\n\t\t\t\t\t\t<\/div>\n\t\t\t\t<\/div>\n\t\t\t\t<div class=\"elementor-element elementor-element-89679fe elementor-widget elementor-widget-text-editor\" data-id=\"89679fe\" data-element_type=\"widget\" data-widget_type=\"text-editor.default\">\n\t\t\t\t<div class=\"elementor-widget-container\">\n\t\t\t\t\t\t\t\t\t<p><span style=\"font-weight: 400;\">La nostra piscina es troba en un entorn m\u00e0gic, rodejat de vinyes i al costat del l\u2019hort ecol\u00f2gic on recollim les verdures i les hortalisses que maduren al sol. Disseny i exclusivitat rodejats de natura.<\/span><\/p>\t\t\t\t\t\t\t\t<\/div>\n\t\t\t\t<\/div>\n\t\t\t\t<div class=\"elementor-element elementor-element-43d43c2 elementor-absolute elementor-widget elementor-widget-button\" data-id=\"43d43c2\" data-element_type=\"widget\" data-settings=\"{&quot;_position&quot;:&quot;absolute&quot;}\" data-widget_type=\"button.default\">\n\t\t\t\t<div class=\"elementor-widget-container\">\n\t\t\t\t\t\t\t\t\t<div class=\"elementor-button-wrapper\">\n\t\t\t\t\t<a class=\"elementor-button elementor-button-link elementor-size-sm\" href=\"https:\/\/shop.mastinell.com\/ca\/hotel\/espais\/pisicna-entre-vinyes-i-hort-ecologic\/\">\n\t\t\t\t\t\t<span class=\"elementor-button-content-wrapper\">\n\t\t\t\t\t\t\t\t\t<span class=\"elementor-button-text\">veure<\/span>\n\t\t\t\t\t<\/span>\n\t\t\t\t\t<\/a>\n\t\t\t\t<\/div>\n\t\t\t\t\t\t\t\t<\/div>\n\t\t\t\t<\/div>\n\t\t\t\t\t<\/div>\n\t\t<\/div>\n\t\t\t\t\t<\/div>\n\t\t<\/section>\n\t\t\t\t<section class=\"elementor-section elementor-top-section elementor-element elementor-element-9853468 elementor-section-boxed elementor-section-height-default elementor-section-height-default\" data-id=\"9853468\" data-element_type=\"section\">\n\t\t\t\t\t\t<div class=\"elementor-container elementor-column-gap-default\">\n\t\t\t\t\t<div class=\"elementor-column elementor-col-50 elementor-top-column elementor-element elementor-element-48a3236\" data-id=\"48a3236\" data-element_type=\"column\">\n\t\t\t<div class=\"elementor-widget-wrap elementor-element-populated\">\n\t\t\t\t\t\t<div class=\"elementor-element elementor-element-46add12 elementor-widget elementor-widget-image\" data-id=\"46add12\" data-element_type=\"widget\" data-widget_type=\"image.default\">\n\t\t\t\t<div class=\"elementor-widget-container\">\n\t\t\t\t\t\t\t\t\t\t\t\t\t\t\t\t<a href=\"https:\/\/shop.mastinell.com\/ca\/hotel\/espais\/terrassa-i-d-o-mastinell\/\">\n\t\t\t\t\t\t\t<img decoding=\"async\" src=\"https:\/\/shop.mastinell.com\/wp-content\/uploads\/2021\/03\/hotel_espacios_terraza_MALI\u0301SIMA.jpg\" title=\"\" alt=\"\" loading=\"lazy\" \/>\t\t\t\t\t\t\t\t<\/a>\n\t\t\t\t\t\t\t\t\t\t\t\t\t\t\t<\/div>\n\t\t\t\t<\/div>\n\t\t\t\t<div class=\"elementor-element elementor-element-efb4efc elementor-widget elementor-widget-heading\" data-id=\"efb4efc\" data-element_type=\"widget\" data-widget_type=\"heading.default\">\n\t\t\t\t<div class=\"elementor-widget-container\">\n\t\t\t\t\t<h2 class=\"elementor-heading-title elementor-size-default\"><a href=\"https:\/\/shop.mastinell.com\/ca\/hotel\/espais\/terrassa-i-d-o-mastinell\/\">Terrassa i D.O Mastinell Wine Bar\n<\/a><\/h2>\t\t\t\t<\/div>\n\t\t\t\t<\/div>\n\t\t\t\t<div class=\"elementor-element elementor-element-7226a7b elementor-widget-divider--view-line elementor-widget elementor-widget-divider\" data-id=\"7226a7b\" data-element_type=\"widget\" data-widget_type=\"divider.default\">\n\t\t\t\t<div class=\"elementor-widget-container\">\n\t\t\t\t\t\t\t<div class=\"elementor-divider\">\n\t\t\t<span class=\"elementor-divider-separator\">\n\t\t\t\t\t\t<\/span>\n\t\t<\/div>\n\t\t\t\t\t\t<\/div>\n\t\t\t\t<\/div>\n\t\t\t\t<div class=\"elementor-element elementor-element-1a18ed0 elementor-widget elementor-widget-text-editor\" data-id=\"1a18ed0\" data-element_type=\"widget\" data-widget_type=\"text-editor.default\">\n\t\t\t\t<div class=\"elementor-widget-container\">\n\t\t\t\t\t\t\t\t\t<span style=\"font-weight: 400;\">Assentat en un paisatge de somni i rodejat per les nostres pr\u00f2pies vinyes, aquest espai de degustaci\u00f3 s\u2019obra a les magn\u00edfiques vistes i als vius i canviants cels del Pened\u00e8s. Un lloc molt especial per tastar els nostres vins i caves.<\/span>\t\t\t\t\t\t\t\t<\/div>\n\t\t\t\t<\/div>\n\t\t\t\t<div class=\"elementor-element elementor-element-d27c2d7 elementor-absolute elementor-widget elementor-widget-button\" data-id=\"d27c2d7\" data-element_type=\"widget\" data-settings=\"{&quot;_position&quot;:&quot;absolute&quot;}\" data-widget_type=\"button.default\">\n\t\t\t\t<div class=\"elementor-widget-container\">\n\t\t\t\t\t\t\t\t\t<div class=\"elementor-button-wrapper\">\n\t\t\t\t\t<a class=\"elementor-button elementor-button-link elementor-size-sm\" href=\"https:\/\/shop.mastinell.com\/ca\/hotel\/espais\/terrassa-i-d-o-mastinell\/\">\n\t\t\t\t\t\t<span class=\"elementor-button-content-wrapper\">\n\t\t\t\t\t\t\t\t\t<span class=\"elementor-button-text\">veure<\/span>\n\t\t\t\t\t<\/span>\n\t\t\t\t\t<\/a>\n\t\t\t\t<\/div>\n\t\t\t\t\t\t\t\t<\/div>\n\t\t\t\t<\/div>\n\t\t\t\t\t<\/div>\n\t\t<\/div>\n\t\t\t\t<div class=\"elementor-column elementor-col-50 elementor-top-column elementor-element elementor-element-b7ebc6f\" data-id=\"b7ebc6f\" data-element_type=\"column\">\n\t\t\t<div class=\"elementor-widget-wrap elementor-element-populated\">\n\t\t\t\t\t\t<div class=\"elementor-element elementor-element-a62e0b8 elementor-widget elementor-widget-image\" data-id=\"a62e0b8\" data-element_type=\"widget\" data-widget_type=\"image.default\">\n\t\t\t\t<div class=\"elementor-widget-container\">\n\t\t\t\t\t\t\t\t\t\t\t\t\t\t\t\t<a href=\"https:\/\/shop.mastinell.com\/ca\/hotel\/espais\/tractaments-viterapia\/\">\n\t\t\t\t\t\t\t<img decoding=\"async\" width=\"800\" height=\"626\" src=\"https:\/\/shop.mastinell.com\/wp-content\/uploads\/2021\/03\/hotel_espacios_relax-1024x801.jpg\" class=\"attachment-large size-large wp-image-16949\" alt=\"\" srcset=\"https:\/\/shop.mastinell.com\/wp-content\/uploads\/2021\/03\/hotel_espacios_relax-1024x801.jpg 1024w, https:\/\/shop.mastinell.com\/wp-content\/uploads\/2021\/03\/hotel_espacios_relax-300x235.jpg 300w, https:\/\/shop.mastinell.com\/wp-content\/uploads\/2021\/03\/hotel_espacios_relax-768x601.jpg 768w, https:\/\/shop.mastinell.com\/wp-content\/uploads\/2021\/03\/hotel_espacios_relax-16x12.jpg 16w, https:\/\/shop.mastinell.com\/wp-content\/uploads\/2021\/03\/hotel_espacios_relax-660x516.jpg 660w, https:\/\/shop.mastinell.com\/wp-content\/uploads\/2021\/03\/hotel_espacios_relax-945x739.jpg 945w, https:\/\/shop.mastinell.com\/wp-content\/uploads\/2021\/03\/hotel_espacios_relax.jpg 1406w\" sizes=\"(max-width: 800px) 100vw, 800px\" \/>\t\t\t\t\t\t\t\t<\/a>\n\t\t\t\t\t\t\t\t\t\t\t\t\t\t\t<\/div>\n\t\t\t\t<\/div>\n\t\t\t\t<div class=\"elementor-element elementor-element-24e9186 elementor-widget elementor-widget-heading\" data-id=\"24e9186\" data-element_type=\"widget\" data-widget_type=\"heading.default\">\n\t\t\t\t<div class=\"elementor-widget-container\">\n\t\t\t\t\t<h2 class=\"elementor-heading-title elementor-size-default\"><a href=\"https:\/\/shop.mastinell.com\/ca\/hotel\/espais\/tractaments-viterapia\/\">DO Wellness Mastinell<\/a><\/h2>\t\t\t\t<\/div>\n\t\t\t\t<\/div>\n\t\t\t\t<div class=\"elementor-element elementor-element-294c1f5 elementor-widget-divider--view-line elementor-widget elementor-widget-divider\" data-id=\"294c1f5\" data-element_type=\"widget\" data-widget_type=\"divider.default\">\n\t\t\t\t<div class=\"elementor-widget-container\">\n\t\t\t\t\t\t\t<div class=\"elementor-divider\">\n\t\t\t<span class=\"elementor-divider-separator\">\n\t\t\t\t\t\t<\/span>\n\t\t<\/div>\n\t\t\t\t\t\t<\/div>\n\t\t\t\t<\/div>\n\t\t\t\t<div class=\"elementor-element elementor-element-bd79ab6 elementor-widget elementor-widget-text-editor\" data-id=\"bd79ab6\" data-element_type=\"widget\" data-widget_type=\"text-editor.default\">\n\t\t\t\t<div class=\"elementor-widget-container\">\n\t\t\t\t\t\t\t\t\t<span style=\"font-weight: 400;\">Per proporcionar el m\u00e0xim relax i confort, res millor que un espai concebut per gaudir de manera multisensorial. Un lloc perfecte per desconnectar, relaxar-te i gaudir dels millors tractaments de vinoter\u00e0pia i de cura personal.<\/span>\t\t\t\t\t\t\t\t<\/div>\n\t\t\t\t<\/div>\n\t\t\t\t<div class=\"elementor-element elementor-element-e838acf elementor-absolute elementor-widget elementor-widget-button\" data-id=\"e838acf\" data-element_type=\"widget\" data-settings=\"{&quot;_position&quot;:&quot;absolute&quot;}\" data-widget_type=\"button.default\">\n\t\t\t\t<div class=\"elementor-widget-container\">\n\t\t\t\t\t\t\t\t\t<div class=\"elementor-button-wrapper\">\n\t\t\t\t\t<a class=\"elementor-button elementor-button-link elementor-size-sm\" href=\"https:\/\/shop.mastinell.com\/ca\/hotel\/espais\/tractaments-viterapia\/\">\n\t\t\t\t\t\t<span class=\"elementor-button-content-wrapper\">\n\t\t\t\t\t\t\t\t\t<span class=\"elementor-button-text\">veure<\/span>\n\t\t\t\t\t<\/span>\n\t\t\t\t\t<\/a>\n\t\t\t\t<\/div>\n\t\t\t\t\t\t\t\t<\/div>\n\t\t\t\t<\/div>\n\t\t\t\t\t<\/div>\n\t\t<\/div>\n\t\t\t\t\t<\/div>\n\t\t<\/section>\n\t\t\t\t<section class=\"elementor-section elementor-top-section elementor-element elementor-element-b44c753 elementor-section-boxed elementor-section-height-default elementor-section-height-default\" data-id=\"b44c753\" data-element_type=\"section\">\n\t\t\t\t\t\t<div class=\"elementor-container elementor-column-gap-default\">\n\t\t\t\t\t<div class=\"elementor-column elementor-col-50 elementor-top-column elementor-element elementor-element-159d9f9\" data-id=\"159d9f9\" data-element_type=\"column\">\n\t\t\t<div class=\"elementor-widget-wrap elementor-element-populated\">\n\t\t\t\t\t\t<div class=\"elementor-element elementor-element-a2914cb elementor-widget elementor-widget-image\" data-id=\"a2914cb\" data-element_type=\"widget\" data-widget_type=\"image.default\">\n\t\t\t\t<div class=\"elementor-widget-container\">\n\t\t\t\t\t\t\t\t\t\t\t\t\t\t\t\t<a href=\"https:\/\/shop.mastinell.com\/ca\/hotel\/espais\/sala-tinell\/\">\n\t\t\t\t\t\t\t<img loading=\"lazy\" decoding=\"async\" width=\"800\" height=\"626\" src=\"https:\/\/shop.mastinell.com\/wp-content\/uploads\/2021\/02\/hotel_espacios_tinell-1024x801.jpg\" class=\"attachment-large size-large wp-image-12757\" alt=\"evento en sal\u00f3n en Mastinell hotel con bodega\" srcset=\"https:\/\/shop.mastinell.com\/wp-content\/uploads\/2021\/02\/hotel_espacios_tinell-1024x801.jpg 1024w, https:\/\/shop.mastinell.com\/wp-content\/uploads\/2021\/02\/hotel_espacios_tinell-300x235.jpg 300w, https:\/\/shop.mastinell.com\/wp-content\/uploads\/2021\/02\/hotel_espacios_tinell-768x601.jpg 768w, https:\/\/shop.mastinell.com\/wp-content\/uploads\/2021\/02\/hotel_espacios_tinell-16x12.jpg 16w, https:\/\/shop.mastinell.com\/wp-content\/uploads\/2021\/02\/hotel_espacios_tinell-660x516.jpg 660w, https:\/\/shop.mastinell.com\/wp-content\/uploads\/2021\/02\/hotel_espacios_tinell-945x739.jpg 945w, https:\/\/shop.mastinell.com\/wp-content\/uploads\/2021\/02\/hotel_espacios_tinell.jpg 1406w\" sizes=\"(max-width: 800px) 100vw, 800px\" \/>\t\t\t\t\t\t\t\t<\/a>\n\t\t\t\t\t\t\t\t\t\t\t\t\t\t\t<\/div>\n\t\t\t\t<\/div>\n\t\t\t\t<div class=\"elementor-element elementor-element-a641907 elementor-widget elementor-widget-heading\" data-id=\"a641907\" data-element_type=\"widget\" data-widget_type=\"heading.default\">\n\t\t\t\t<div class=\"elementor-widget-container\">\n\t\t\t\t\t<h2 class=\"elementor-heading-title elementor-size-default\"><a href=\"https:\/\/shop.mastinell.com\/ca\/hotel\/espais\/sala-tinell\/\">Sala Tinell\n<\/a><\/h2>\t\t\t\t<\/div>\n\t\t\t\t<\/div>\n\t\t\t\t<div class=\"elementor-element elementor-element-1c7e1cb elementor-widget-divider--view-line elementor-widget elementor-widget-divider\" data-id=\"1c7e1cb\" data-element_type=\"widget\" data-widget_type=\"divider.default\">\n\t\t\t\t<div class=\"elementor-widget-container\">\n\t\t\t\t\t\t\t<div class=\"elementor-divider\">\n\t\t\t<span class=\"elementor-divider-separator\">\n\t\t\t\t\t\t<\/span>\n\t\t<\/div>\n\t\t\t\t\t\t<\/div>\n\t\t\t\t<\/div>\n\t\t\t\t<div class=\"elementor-element elementor-element-8126947 elementor-widget elementor-widget-text-editor\" data-id=\"8126947\" data-element_type=\"widget\" data-widget_type=\"text-editor.default\">\n\t\t\t\t<div class=\"elementor-widget-container\">\n\t\t\t\t\t\t\t\t\t<p><span style=\"font-weight: 400;\">Un sal\u00f3 gran, obert i totalment personalitzable amb terrassa privada i capacitat fins a 250 persones. Un espai polivalent i flexible, en un lloc privilegiat.<\/span><\/p>\t\t\t\t\t\t\t\t<\/div>\n\t\t\t\t<\/div>\n\t\t\t\t<div class=\"elementor-element elementor-element-89e0902 elementor-absolute elementor-widget elementor-widget-button\" data-id=\"89e0902\" data-element_type=\"widget\" data-settings=\"{&quot;_position&quot;:&quot;absolute&quot;}\" data-widget_type=\"button.default\">\n\t\t\t\t<div class=\"elementor-widget-container\">\n\t\t\t\t\t\t\t\t\t<div class=\"elementor-button-wrapper\">\n\t\t\t\t\t<a class=\"elementor-button elementor-button-link elementor-size-sm\" href=\"https:\/\/shop.mastinell.com\/ca\/hotel\/espais\/sala-tinell\/\">\n\t\t\t\t\t\t<span class=\"elementor-button-content-wrapper\">\n\t\t\t\t\t\t\t\t\t<span class=\"elementor-button-text\">veure<\/span>\n\t\t\t\t\t<\/span>\n\t\t\t\t\t<\/a>\n\t\t\t\t<\/div>\n\t\t\t\t\t\t\t\t<\/div>\n\t\t\t\t<\/div>\n\t\t\t\t\t<\/div>\n\t\t<\/div>\n\t\t\t\t<div class=\"elementor-column elementor-col-50 elementor-top-column elementor-element elementor-element-26b0465\" data-id=\"26b0465\" data-element_type=\"column\">\n\t\t\t<div class=\"elementor-widget-wrap elementor-element-populated\">\n\t\t\t\t\t\t<div class=\"elementor-element elementor-element-dc4c7cd elementor-widget elementor-widget-image\" data-id=\"dc4c7cd\" data-element_type=\"widget\" data-widget_type=\"image.default\">\n\t\t\t\t<div class=\"elementor-widget-container\">\n\t\t\t\t\t\t\t\t\t\t\t\t\t\t\t\t<a href=\"https:\/\/shop.mastinell.com\/ca\/hotel\/espais\/sala-petit-tinell\/\">\n\t\t\t\t\t\t\t<img loading=\"lazy\" decoding=\"async\" width=\"800\" height=\"626\" src=\"https:\/\/shop.mastinell.com\/wp-content\/uploads\/2021\/02\/hotel_espacios_petit_tinell-1024x801.jpg\" class=\"attachment-large size-large wp-image-12751\" alt=\"salon para eventos en Mastinell hotel con bodega\" srcset=\"https:\/\/shop.mastinell.com\/wp-content\/uploads\/2021\/02\/hotel_espacios_petit_tinell-1024x801.jpg 1024w, https:\/\/shop.mastinell.com\/wp-content\/uploads\/2021\/02\/hotel_espacios_petit_tinell-300x235.jpg 300w, https:\/\/shop.mastinell.com\/wp-content\/uploads\/2021\/02\/hotel_espacios_petit_tinell-768x601.jpg 768w, https:\/\/shop.mastinell.com\/wp-content\/uploads\/2021\/02\/hotel_espacios_petit_tinell-16x12.jpg 16w, https:\/\/shop.mastinell.com\/wp-content\/uploads\/2021\/02\/hotel_espacios_petit_tinell-660x516.jpg 660w, https:\/\/shop.mastinell.com\/wp-content\/uploads\/2021\/02\/hotel_espacios_petit_tinell-945x739.jpg 945w, https:\/\/shop.mastinell.com\/wp-content\/uploads\/2021\/02\/hotel_espacios_petit_tinell.jpg 1406w\" sizes=\"(max-width: 800px) 100vw, 800px\" \/>\t\t\t\t\t\t\t\t<\/a>\n\t\t\t\t\t\t\t\t\t\t\t\t\t\t\t<\/div>\n\t\t\t\t<\/div>\n\t\t\t\t<div class=\"elementor-element elementor-element-36cf21b elementor-widget elementor-widget-heading\" data-id=\"36cf21b\" data-element_type=\"widget\" data-widget_type=\"heading.default\">\n\t\t\t\t<div class=\"elementor-widget-container\">\n\t\t\t\t\t<h2 class=\"elementor-heading-title elementor-size-default\"><a href=\"https:\/\/shop.mastinell.com\/ca\/hotel\/espais\/sala-petit-tinell\/\">Sala Petit Tinell\n<\/a><\/h2>\t\t\t\t<\/div>\n\t\t\t\t<\/div>\n\t\t\t\t<div class=\"elementor-element elementor-element-a6b1f98 elementor-widget-divider--view-line elementor-widget elementor-widget-divider\" data-id=\"a6b1f98\" data-element_type=\"widget\" data-widget_type=\"divider.default\">\n\t\t\t\t<div class=\"elementor-widget-container\">\n\t\t\t\t\t\t\t<div class=\"elementor-divider\">\n\t\t\t<span class=\"elementor-divider-separator\">\n\t\t\t\t\t\t<\/span>\n\t\t<\/div>\n\t\t\t\t\t\t<\/div>\n\t\t\t\t<\/div>\n\t\t\t\t<div class=\"elementor-element elementor-element-0388f72 elementor-widget elementor-widget-text-editor\" data-id=\"0388f72\" data-element_type=\"widget\" data-widget_type=\"text-editor.default\">\n\t\t\t\t<div class=\"elementor-widget-container\">\n\t\t\t\t\t\t\t\t\t<p class=\"p1\"><span style=\"font-size: 18px; font-weight: 400; letter-spacing: 0px;\">Perfecta per esdeveniments, petits esdeveniments, crea una atmosfera perfecta en un entorn m\u00e9s privat. Aquest espai multifuncional es troba dins la Sala Tinell i \u00e9s perfectament divisible, oferint espai per un m\u00e0xim de 40 persones.<\/span><br><\/p>\n<p class=\"p1\">\n<\/p>\t\t\t\t\t\t\t\t<\/div>\n\t\t\t\t<\/div>\n\t\t\t\t<div class=\"elementor-element elementor-element-44495fc elementor-absolute elementor-widget elementor-widget-button\" data-id=\"44495fc\" data-element_type=\"widget\" data-settings=\"{&quot;_position&quot;:&quot;absolute&quot;}\" data-widget_type=\"button.default\">\n\t\t\t\t<div class=\"elementor-widget-container\">\n\t\t\t\t\t\t\t\t\t<div class=\"elementor-button-wrapper\">\n\t\t\t\t\t<a class=\"elementor-button elementor-button-link elementor-size-sm\" href=\"https:\/\/shop.mastinell.com\/ca\/hotel\/espais\/sala-petit-tinell\/\">\n\t\t\t\t\t\t<span class=\"elementor-button-content-wrapper\">\n\t\t\t\t\t\t\t\t\t<span class=\"elementor-button-text\">veure<\/span>\n\t\t\t\t\t<\/span>\n\t\t\t\t\t<\/a>\n\t\t\t\t<\/div>\n\t\t\t\t\t\t\t\t<\/div>\n\t\t\t\t<\/div>\n\t\t\t\t\t<\/div>\n\t\t<\/div>\n\t\t\t\t\t<\/div>\n\t\t<\/section>\n\t\t\t\t<section class=\"elementor-section elementor-top-section elementor-element elementor-element-90a3500 elementor-section-boxed elementor-section-height-default elementor-section-height-default\" data-id=\"90a3500\" data-element_type=\"section\">\n\t\t\t\t\t\t<div class=\"elementor-container elementor-column-gap-default\">\n\t\t\t\t\t<div class=\"elementor-column elementor-col-50 elementor-top-column elementor-element elementor-element-c2959b0\" data-id=\"c2959b0\" data-element_type=\"column\">\n\t\t\t<div class=\"elementor-widget-wrap elementor-element-populated\">\n\t\t\t\t\t\t<div class=\"elementor-element elementor-element-1061e5b elementor-widget elementor-widget-image\" data-id=\"1061e5b\" data-element_type=\"widget\" data-widget_type=\"image.default\">\n\t\t\t\t<div class=\"elementor-widget-container\">\n\t\t\t\t\t\t\t\t\t\t\t\t\t\t\t\t<a href=\"https:\/\/shop.mastinell.com\/ca\/hotel\/espais\/sala-reserva\/\">\n\t\t\t\t\t\t\t<img loading=\"lazy\" decoding=\"async\" width=\"800\" height=\"626\" src=\"https:\/\/shop.mastinell.com\/wp-content\/uploads\/2021\/02\/hotel_espacios_reserva-1024x801.jpg\" class=\"attachment-large size-large wp-image-12754\" alt=\"sala para eventos Mastinell hotel con bodega\" srcset=\"https:\/\/shop.mastinell.com\/wp-content\/uploads\/2021\/02\/hotel_espacios_reserva-1024x801.jpg 1024w, https:\/\/shop.mastinell.com\/wp-content\/uploads\/2021\/02\/hotel_espacios_reserva-300x235.jpg 300w, https:\/\/shop.mastinell.com\/wp-content\/uploads\/2021\/02\/hotel_espacios_reserva-768x601.jpg 768w, https:\/\/shop.mastinell.com\/wp-content\/uploads\/2021\/02\/hotel_espacios_reserva-16x12.jpg 16w, https:\/\/shop.mastinell.com\/wp-content\/uploads\/2021\/02\/hotel_espacios_reserva-660x516.jpg 660w, https:\/\/shop.mastinell.com\/wp-content\/uploads\/2021\/02\/hotel_espacios_reserva-945x739.jpg 945w, https:\/\/shop.mastinell.com\/wp-content\/uploads\/2021\/02\/hotel_espacios_reserva.jpg 1406w\" sizes=\"(max-width: 800px) 100vw, 800px\" \/>\t\t\t\t\t\t\t\t<\/a>\n\t\t\t\t\t\t\t\t\t\t\t\t\t\t\t<\/div>\n\t\t\t\t<\/div>\n\t\t\t\t<div class=\"elementor-element elementor-element-8095116 elementor-widget elementor-widget-heading\" data-id=\"8095116\" data-element_type=\"widget\" data-widget_type=\"heading.default\">\n\t\t\t\t<div class=\"elementor-widget-container\">\n\t\t\t\t\t<h2 class=\"elementor-heading-title elementor-size-default\"><a href=\"https:\/\/shop.mastinell.com\/ca\/hotel\/espais\/sala-reserva\/\">Sala Reserva\n<\/a><\/h2>\t\t\t\t<\/div>\n\t\t\t\t<\/div>\n\t\t\t\t<div class=\"elementor-element elementor-element-7714eb5 elementor-widget-divider--view-line elementor-widget elementor-widget-divider\" data-id=\"7714eb5\" data-element_type=\"widget\" data-widget_type=\"divider.default\">\n\t\t\t\t<div class=\"elementor-widget-container\">\n\t\t\t\t\t\t\t<div class=\"elementor-divider\">\n\t\t\t<span class=\"elementor-divider-separator\">\n\t\t\t\t\t\t<\/span>\n\t\t<\/div>\n\t\t\t\t\t\t<\/div>\n\t\t\t\t<\/div>\n\t\t\t\t<div class=\"elementor-element elementor-element-7f7dcd1 elementor-widget elementor-widget-text-editor\" data-id=\"7f7dcd1\" data-element_type=\"widget\" data-widget_type=\"text-editor.default\">\n\t\t\t\t<div class=\"elementor-widget-container\">\n\t\t\t\t\t\t\t\t\t<p><span style=\"font-weight: 400;\">Ideada per reunions d\u2019empresa m\u00e9s petites o per activitats en grups redu\u00efts, la sala Gran Reserva pot dividir-se en dos, creant un espai m\u00e9s recollit, tamb\u00e9 amb vistes a la nostra sala de b\u00f3tes.<\/span><\/p>\t\t\t\t\t\t\t\t<\/div>\n\t\t\t\t<\/div>\n\t\t\t\t<div class=\"elementor-element elementor-element-f94f0fe elementor-absolute elementor-widget elementor-widget-button\" data-id=\"f94f0fe\" data-element_type=\"widget\" data-settings=\"{&quot;_position&quot;:&quot;absolute&quot;}\" data-widget_type=\"button.default\">\n\t\t\t\t<div class=\"elementor-widget-container\">\n\t\t\t\t\t\t\t\t\t<div class=\"elementor-button-wrapper\">\n\t\t\t\t\t<a class=\"elementor-button elementor-button-link elementor-size-sm\" href=\"https:\/\/shop.mastinell.com\/ca\/hotel\/espais\/sala-reserva\/\">\n\t\t\t\t\t\t<span class=\"elementor-button-content-wrapper\">\n\t\t\t\t\t\t\t\t\t<span class=\"elementor-button-text\">Veure<\/span>\n\t\t\t\t\t<\/span>\n\t\t\t\t\t<\/a>\n\t\t\t\t<\/div>\n\t\t\t\t\t\t\t\t<\/div>\n\t\t\t\t<\/div>\n\t\t\t\t\t<\/div>\n\t\t<\/div>\n\t\t\t\t<div class=\"elementor-column elementor-col-50 elementor-top-column elementor-element elementor-element-bb2db47\" data-id=\"bb2db47\" data-element_type=\"column\">\n\t\t\t<div class=\"elementor-widget-wrap elementor-element-populated\">\n\t\t\t\t\t\t<div class=\"elementor-element elementor-element-50a721a elementor-widget elementor-widget-image\" data-id=\"50a721a\" data-element_type=\"widget\" data-widget_type=\"image.default\">\n\t\t\t\t<div class=\"elementor-widget-container\">\n\t\t\t\t\t\t\t\t\t\t\t\t\t\t\t\t<a href=\"https:\/\/shop.mastinell.com\/ca\/hotel\/espais\/sala-gran-reserva\/\">\n\t\t\t\t\t\t\t<img loading=\"lazy\" decoding=\"async\" width=\"800\" height=\"626\" src=\"https:\/\/shop.mastinell.com\/wp-content\/uploads\/2021\/02\/hotel_espacios_gran_reserva-1024x801.jpg\" class=\"attachment-large size-large wp-image-12750\" alt=\"salon para congresos y charlas\" srcset=\"https:\/\/shop.mastinell.com\/wp-content\/uploads\/2021\/02\/hotel_espacios_gran_reserva-1024x801.jpg 1024w, https:\/\/shop.mastinell.com\/wp-content\/uploads\/2021\/02\/hotel_espacios_gran_reserva-300x235.jpg 300w, https:\/\/shop.mastinell.com\/wp-content\/uploads\/2021\/02\/hotel_espacios_gran_reserva-768x601.jpg 768w, https:\/\/shop.mastinell.com\/wp-content\/uploads\/2021\/02\/hotel_espacios_gran_reserva-16x12.jpg 16w, https:\/\/shop.mastinell.com\/wp-content\/uploads\/2021\/02\/hotel_espacios_gran_reserva-660x516.jpg 660w, https:\/\/shop.mastinell.com\/wp-content\/uploads\/2021\/02\/hotel_espacios_gran_reserva-945x739.jpg 945w, https:\/\/shop.mastinell.com\/wp-content\/uploads\/2021\/02\/hotel_espacios_gran_reserva.jpg 1406w\" sizes=\"(max-width: 800px) 100vw, 800px\" \/>\t\t\t\t\t\t\t\t<\/a>\n\t\t\t\t\t\t\t\t\t\t\t\t\t\t\t<\/div>\n\t\t\t\t<\/div>\n\t\t\t\t<div class=\"elementor-element elementor-element-98ee30f elementor-widget elementor-widget-heading\" data-id=\"98ee30f\" data-element_type=\"widget\" data-widget_type=\"heading.default\">\n\t\t\t\t<div class=\"elementor-widget-container\">\n\t\t\t\t\t<h2 class=\"elementor-heading-title elementor-size-default\"><a href=\"https:\/\/shop.mastinell.com\/ca\/hotel\/espais\/sala-gran-reserva\/\">Sala Gran Reserva\n<\/a><\/h2>\t\t\t\t<\/div>\n\t\t\t\t<\/div>\n\t\t\t\t<div class=\"elementor-element elementor-element-3a4ecdd elementor-widget-divider--view-line elementor-widget elementor-widget-divider\" data-id=\"3a4ecdd\" data-element_type=\"widget\" data-widget_type=\"divider.default\">\n\t\t\t\t<div class=\"elementor-widget-container\">\n\t\t\t\t\t\t\t<div class=\"elementor-divider\">\n\t\t\t<span class=\"elementor-divider-separator\">\n\t\t\t\t\t\t<\/span>\n\t\t<\/div>\n\t\t\t\t\t\t<\/div>\n\t\t\t\t<\/div>\n\t\t\t\t<div class=\"elementor-element elementor-element-2d83ab1 elementor-widget elementor-widget-text-editor\" data-id=\"2d83ab1\" data-element_type=\"widget\" data-widget_type=\"text-editor.default\">\n\t\t\t\t<div class=\"elementor-widget-container\">\n\t\t\t\t\t\t\t\t\t<p><span style=\"font-weight: 400;\">Sala per celebrar esdeveniments i reunions d\u2019empresa en un entorn relaxat i exclusiu, dins del nostre celler. Est\u00e0 equipada amb tots els elements necessaris per aquest tipus d\u2019esdeveniments, amb capacitat per 40 persones.<\/span><\/p>\t\t\t\t\t\t\t\t<\/div>\n\t\t\t\t<\/div>\n\t\t\t\t<div class=\"elementor-element elementor-element-ba7d095 elementor-absolute elementor-widget elementor-widget-button\" data-id=\"ba7d095\" data-element_type=\"widget\" data-settings=\"{&quot;_position&quot;:&quot;absolute&quot;}\" data-widget_type=\"button.default\">\n\t\t\t\t<div class=\"elementor-widget-container\">\n\t\t\t\t\t\t\t\t\t<div class=\"elementor-button-wrapper\">\n\t\t\t\t\t<a class=\"elementor-button elementor-button-link elementor-size-sm\" href=\"https:\/\/shop.mastinell.com\/ca\/hotel\/espais\/sala-gran-reserva\/\">\n\t\t\t\t\t\t<span class=\"elementor-button-content-wrapper\">\n\t\t\t\t\t\t\t\t\t<span class=\"elementor-button-text\">Veure<\/span>\n\t\t\t\t\t<\/span>\n\t\t\t\t\t<\/a>\n\t\t\t\t<\/div>\n\t\t\t\t\t\t\t\t<\/div>\n\t\t\t\t<\/div>\n\t\t\t\t\t<\/div>\n\t\t<\/div>\n\t\t\t\t\t<\/div>\n\t\t<\/section>\n\t\t\t\t<section class=\"elementor-section elementor-top-section elementor-element elementor-element-641f2f1c elementor-section-boxed elementor-section-height-default elementor-section-height-default\" data-id=\"641f2f1c\" data-element_type=\"section\">\n\t\t\t\t\t\t<div class=\"elementor-container elementor-column-gap-default\">\n\t\t\t\t\t<div class=\"elementor-column elementor-col-100 elementor-top-column elementor-element elementor-element-61935313\" data-id=\"61935313\" data-element_type=\"column\">\n\t\t\t<div class=\"elementor-widget-wrap\">\n\t\t\t\t\t\t\t<\/div>\n\t\t<\/div>\n\t\t\t\t\t<\/div>\n\t\t<\/section>\n\t\t\t\t<section class=\"elementor-section elementor-top-section elementor-element elementor-element-c20fea8 elementor-section-boxed elementor-section-height-default elementor-section-height-default\" data-id=\"c20fea8\" data-element_type=\"section\">\n\t\t\t\t\t\t<div class=\"elementor-container elementor-column-gap-default\">\n\t\t\t\t\t<div class=\"elementor-column elementor-col-100 elementor-top-column elementor-element elementor-element-ac8bba6\" data-id=\"ac8bba6\" data-element_type=\"column\">\n\t\t\t<div class=\"elementor-widget-wrap elementor-element-populated\">\n\t\t\t\t\t\t<div class=\"elementor-element elementor-element-1ee335d elementor-widget elementor-widget-html\" data-id=\"1ee335d\" data-element_type=\"widget\" data-widget_type=\"html.default\">\n\t\t\t\t<div class=\"elementor-widget-container\">\n\t\t\t\t\t<div data-mirai-engine=\"mirai_be\" data-lang=\"es\" data-idhotel=\"100375447\"><\/div>\n<script type=\"text\/javascript\" src=\"https:\/\/js.mirai.com\/mirai-loader\/mirai.loader.js\"><\/script>\n<link rel=\"stylesheet\" type=\"text\/css\" href=\"\/engine.css\" \/>\n <script type=\"text\/javascript\">\n    \/\/ Engine by Language\n    if (jQuery('div[data-mirai-engine=\"mirai_be\"]').length) {\n        jQuery('div[data-mirai-engine=\"mirai_be\"]').attr('data-lang', jQuery('html').attr('lang'));\n    }\n<\/script>\t\t\t\t<\/div>\n\t\t\t\t<\/div>\n\t\t\t\t<div class=\"elementor-element elementor-element-f9fc3a9 elementor-hidden-phone elementor-hidden-desktop elementor-hidden-tablet elementor-widget elementor-widget-shortcode\" data-id=\"f9fc3a9\" data-element_type=\"widget\" data-widget_type=\"shortcode.default\">\n\t\t\t\t<div class=\"elementor-widget-container\">\n\t\t\t\t\t\t\t<div class=\"elementor-shortcode\">[forminator_form id=\"8777\"]<\/div>\n\t\t\t\t\t\t<\/div>\n\t\t\t\t<\/div>\n\t\t\t\t\t<\/div>\n\t\t<\/div>\n\t\t\t\t\t<\/div>\n\t\t<\/section>\n\t\t\t\t<\/div>\n\t\t","protected":false},"excerpt":{"rendered":"<p>Un oasi de pau i tranquil\u00b7litat Un oasi de pau i tranquil\u00b7litat Espai gastron\u00f2mic En Rima Et donem la benvinguda a l\u2019Espai Gastron\u00f2mic En Rima, una aut\u00e8ntica del\u00edcia pels hostes m\u00e9s gourmet. Podr\u00e0s gaudir de l\u2019exquisida gastronomia slow food, a base de productes de proximitat, de temporada i km 0. veure Piscina entre vinyes i [&hellip;]<\/p>\n","protected":false},"author":1,"featured_media":0,"parent":20243,"menu_order":0,"comment_status":"closed","ping_status":"closed","template":"","meta":{"_acf_changed":false,"footnotes":""},"class_list":["post-20523","page","type-page","status-publish","hentry"],"acf":[],"yoast_head":"<!-- This site is optimized with the Yoast SEO plugin v27.5 - https:\/\/yoast.com\/product\/yoast-seo-wordpress\/ -->\n<title>ESPAIS - Mastinell<\/title>\n<meta name=\"robots\" content=\"index, follow, max-snippet:-1, max-image-preview:large, max-video-preview:-1\" \/>\n<link rel=\"canonical\" href=\"https:\/\/shop.mastinell.com\/ca\/hotel\/espais\/\" \/>\n<meta property=\"og:locale\" content=\"ca_ES\" \/>\n<meta property=\"og:type\" content=\"article\" \/>\n<meta property=\"og:title\" content=\"ESPAIS - Mastinell\" \/>\n<meta property=\"og:description\" content=\"Un oasi de pau i tranquil\u00b7litat Un oasi de pau i tranquil\u00b7litat Espai gastron\u00f2mic En Rima Et donem la benvinguda a l\u2019Espai Gastron\u00f2mic En Rima, una aut\u00e8ntica del\u00edcia pels hostes m\u00e9s gourmet. Podr\u00e0s gaudir de l\u2019exquisida gastronomia slow food, a base de productes de proximitat, de temporada i km 0. veure Piscina entre vinyes i [&hellip;]\" \/>\n<meta property=\"og:url\" content=\"https:\/\/shop.mastinell.com\/ca\/hotel\/espais\/\" \/>\n<meta property=\"og:site_name\" content=\"Mastinell\" \/>\n<meta property=\"article:publisher\" content=\"https:\/\/www.facebook.com\/CavaHotelMastinell\" \/>\n<meta property=\"article:modified_time\" content=\"2024-08-03T06:37:26+00:00\" \/>\n<meta property=\"og:image\" content=\"https:\/\/mastinell.agencialiverpool.test\/wp-content\/uploads\/2021\/02\/hotel_espacios_restaurante-1024x801.jpg\" \/>\n<meta name=\"twitter:card\" content=\"summary_large_image\" \/>\n<meta name=\"twitter:label1\" content=\"Temps estimat de lectura\" \/>\n\t<meta name=\"twitter:data1\" content=\"4 minuts\" \/>\n<script type=\"application\/ld+json\" class=\"yoast-schema-graph\">{\"@context\":\"https:\\\/\\\/schema.org\",\"@graph\":[{\"@type\":\"WebPage\",\"@id\":\"https:\\\/\\\/shop.mastinell.com\\\/ca\\\/hotel\\\/espais\\\/\",\"url\":\"https:\\\/\\\/shop.mastinell.com\\\/ca\\\/hotel\\\/espais\\\/\",\"name\":\"ESPAIS - Mastinell\",\"isPartOf\":{\"@id\":\"https:\\\/\\\/mastinell.agencialiverpool.test\\\/#website\"},\"primaryImageOfPage\":{\"@id\":\"https:\\\/\\\/shop.mastinell.com\\\/ca\\\/hotel\\\/espais\\\/#primaryimage\"},\"image\":{\"@id\":\"https:\\\/\\\/shop.mastinell.com\\\/ca\\\/hotel\\\/espais\\\/#primaryimage\"},\"thumbnailUrl\":\"https:\\\/\\\/shop.mastinell.com\\\/wp-content\\\/uploads\\\/2021\\\/02\\\/hotel_espacios_restaurante-1024x801.jpg\",\"datePublished\":\"2021-06-02T22:09:14+00:00\",\"dateModified\":\"2024-08-03T06:37:26+00:00\",\"breadcrumb\":{\"@id\":\"https:\\\/\\\/shop.mastinell.com\\\/ca\\\/hotel\\\/espais\\\/#breadcrumb\"},\"inLanguage\":\"ca\",\"potentialAction\":[{\"@type\":\"ReadAction\",\"target\":[\"https:\\\/\\\/shop.mastinell.com\\\/ca\\\/hotel\\\/espais\\\/\"]}]},{\"@type\":\"ImageObject\",\"inLanguage\":\"ca\",\"@id\":\"https:\\\/\\\/shop.mastinell.com\\\/ca\\\/hotel\\\/espais\\\/#primaryimage\",\"url\":\"https:\\\/\\\/shop.mastinell.com\\\/wp-content\\\/uploads\\\/2021\\\/02\\\/hotel_espacios_restaurante-1024x801.jpg\",\"contentUrl\":\"https:\\\/\\\/shop.mastinell.com\\\/wp-content\\\/uploads\\\/2021\\\/02\\\/hotel_espacios_restaurante-1024x801.jpg\"},{\"@type\":\"BreadcrumbList\",\"@id\":\"https:\\\/\\\/shop.mastinell.com\\\/ca\\\/hotel\\\/espais\\\/#breadcrumb\",\"itemListElement\":[{\"@type\":\"ListItem\",\"position\":1,\"name\":\"Home\",\"item\":\"https:\\\/\\\/shop.mastinell.com\\\/ca\\\/tienda\\\/\"},{\"@type\":\"ListItem\",\"position\":2,\"name\":\"HOTEL\",\"item\":\"https:\\\/\\\/shop.mastinell.com\\\/ca\\\/hotel\\\/\"},{\"@type\":\"ListItem\",\"position\":3,\"name\":\"ESPAIS\"}]},{\"@type\":\"WebSite\",\"@id\":\"https:\\\/\\\/mastinell.agencialiverpool.test\\\/#website\",\"url\":\"https:\\\/\\\/mastinell.agencialiverpool.test\\\/\",\"name\":\"Mastinell\",\"description\":\"Tienda Oficial\",\"publisher\":{\"@id\":\"https:\\\/\\\/mastinell.agencialiverpool.test\\\/#organization\"},\"potentialAction\":[{\"@type\":\"SearchAction\",\"target\":{\"@type\":\"EntryPoint\",\"urlTemplate\":\"https:\\\/\\\/mastinell.agencialiverpool.test\\\/?s={search_term_string}\"},\"query-input\":{\"@type\":\"PropertyValueSpecification\",\"valueRequired\":true,\"valueName\":\"search_term_string\"}}],\"inLanguage\":\"ca\"},{\"@type\":\"Organization\",\"@id\":\"https:\\\/\\\/mastinell.agencialiverpool.test\\\/#organization\",\"name\":\"Mastinell\",\"url\":\"https:\\\/\\\/mastinell.agencialiverpool.test\\\/\",\"logo\":{\"@type\":\"ImageObject\",\"inLanguage\":\"ca\",\"@id\":\"https:\\\/\\\/mastinell.agencialiverpool.test\\\/#\\\/schema\\\/logo\\\/image\\\/\",\"url\":\"https:\\\/\\\/shop.mastinell.com\\\/wp-content\\\/uploads\\\/2025\\\/01\\\/Mastinell-Cava-y-Hotel-scaled-1.webp\",\"contentUrl\":\"https:\\\/\\\/shop.mastinell.com\\\/wp-content\\\/uploads\\\/2025\\\/01\\\/Mastinell-Cava-y-Hotel-scaled-1.webp\",\"width\":2560,\"height\":531,\"caption\":\"Mastinell\"},\"image\":{\"@id\":\"https:\\\/\\\/mastinell.agencialiverpool.test\\\/#\\\/schema\\\/logo\\\/image\\\/\"},\"sameAs\":[\"https:\\\/\\\/www.facebook.com\\\/CavaHotelMastinell\",\"https:\\\/\\\/www.instagram.com\\\/cavahotel_mastinell\\\/?hl=es\"]}]}<\/script>\n<!-- \/ Yoast SEO plugin. -->","yoast_head_json":{"title":"ESPAIS - Mastinell","robots":{"index":"index","follow":"follow","max-snippet":"max-snippet:-1","max-image-preview":"max-image-preview:large","max-video-preview":"max-video-preview:-1"},"canonical":"https:\/\/shop.mastinell.com\/ca\/hotel\/espais\/","og_locale":"ca_ES","og_type":"article","og_title":"ESPAIS - Mastinell","og_description":"Un oasi de pau i tranquil\u00b7litat Un oasi de pau i tranquil\u00b7litat Espai gastron\u00f2mic En Rima Et donem la benvinguda a l\u2019Espai Gastron\u00f2mic En Rima, una aut\u00e8ntica del\u00edcia pels hostes m\u00e9s gourmet. Podr\u00e0s gaudir de l\u2019exquisida gastronomia slow food, a base de productes de proximitat, de temporada i km 0. veure Piscina entre vinyes i [&hellip;]","og_url":"https:\/\/shop.mastinell.com\/ca\/hotel\/espais\/","og_site_name":"Mastinell","article_publisher":"https:\/\/www.facebook.com\/CavaHotelMastinell","article_modified_time":"2024-08-03T06:37:26+00:00","og_image":[{"url":"https:\/\/mastinell.agencialiverpool.test\/wp-content\/uploads\/2021\/02\/hotel_espacios_restaurante-1024x801.jpg","type":"","width":"","height":""}],"twitter_card":"summary_large_image","twitter_misc":{"Temps estimat de lectura":"4 minuts"},"schema":{"@context":"https:\/\/schema.org","@graph":[{"@type":"WebPage","@id":"https:\/\/shop.mastinell.com\/ca\/hotel\/espais\/","url":"https:\/\/shop.mastinell.com\/ca\/hotel\/espais\/","name":"ESPAIS - Mastinell","isPartOf":{"@id":"https:\/\/mastinell.agencialiverpool.test\/#website"},"primaryImageOfPage":{"@id":"https:\/\/shop.mastinell.com\/ca\/hotel\/espais\/#primaryimage"},"image":{"@id":"https:\/\/shop.mastinell.com\/ca\/hotel\/espais\/#primaryimage"},"thumbnailUrl":"https:\/\/shop.mastinell.com\/wp-content\/uploads\/2021\/02\/hotel_espacios_restaurante-1024x801.jpg","datePublished":"2021-06-02T22:09:14+00:00","dateModified":"2024-08-03T06:37:26+00:00","breadcrumb":{"@id":"https:\/\/shop.mastinell.com\/ca\/hotel\/espais\/#breadcrumb"},"inLanguage":"ca","potentialAction":[{"@type":"ReadAction","target":["https:\/\/shop.mastinell.com\/ca\/hotel\/espais\/"]}]},{"@type":"ImageObject","inLanguage":"ca","@id":"https:\/\/shop.mastinell.com\/ca\/hotel\/espais\/#primaryimage","url":"https:\/\/shop.mastinell.com\/wp-content\/uploads\/2021\/02\/hotel_espacios_restaurante-1024x801.jpg","contentUrl":"https:\/\/shop.mastinell.com\/wp-content\/uploads\/2021\/02\/hotel_espacios_restaurante-1024x801.jpg"},{"@type":"BreadcrumbList","@id":"https:\/\/shop.mastinell.com\/ca\/hotel\/espais\/#breadcrumb","itemListElement":[{"@type":"ListItem","position":1,"name":"Home","item":"https:\/\/shop.mastinell.com\/ca\/tienda\/"},{"@type":"ListItem","position":2,"name":"HOTEL","item":"https:\/\/shop.mastinell.com\/ca\/hotel\/"},{"@type":"ListItem","position":3,"name":"ESPAIS"}]},{"@type":"WebSite","@id":"https:\/\/mastinell.agencialiverpool.test\/#website","url":"https:\/\/mastinell.agencialiverpool.test\/","name":"Mastinell","description":"Tienda Oficial","publisher":{"@id":"https:\/\/mastinell.agencialiverpool.test\/#organization"},"potentialAction":[{"@type":"SearchAction","target":{"@type":"EntryPoint","urlTemplate":"https:\/\/mastinell.agencialiverpool.test\/?s={search_term_string}"},"query-input":{"@type":"PropertyValueSpecification","valueRequired":true,"valueName":"search_term_string"}}],"inLanguage":"ca"},{"@type":"Organization","@id":"https:\/\/mastinell.agencialiverpool.test\/#organization","name":"Mastinell","url":"https:\/\/mastinell.agencialiverpool.test\/","logo":{"@type":"ImageObject","inLanguage":"ca","@id":"https:\/\/mastinell.agencialiverpool.test\/#\/schema\/logo\/image\/","url":"https:\/\/shop.mastinell.com\/wp-content\/uploads\/2025\/01\/Mastinell-Cava-y-Hotel-scaled-1.webp","contentUrl":"https:\/\/shop.mastinell.com\/wp-content\/uploads\/2025\/01\/Mastinell-Cava-y-Hotel-scaled-1.webp","width":2560,"height":531,"caption":"Mastinell"},"image":{"@id":"https:\/\/mastinell.agencialiverpool.test\/#\/schema\/logo\/image\/"},"sameAs":["https:\/\/www.facebook.com\/CavaHotelMastinell","https:\/\/www.instagram.com\/cavahotel_mastinell\/?hl=es"]}]}},"_links":{"self":[{"href":"https:\/\/shop.mastinell.com\/ca\/wp-json\/wp\/v2\/pages\/20523","targetHints":{"allow":["GET"]}}],"collection":[{"href":"https:\/\/shop.mastinell.com\/ca\/wp-json\/wp\/v2\/pages"}],"about":[{"href":"https:\/\/shop.mastinell.com\/ca\/wp-json\/wp\/v2\/types\/page"}],"author":[{"embeddable":true,"href":"https:\/\/shop.mastinell.com\/ca\/wp-json\/wp\/v2\/users\/1"}],"replies":[{"embeddable":true,"href":"https:\/\/shop.mastinell.com\/ca\/wp-json\/wp\/v2\/comments?post=20523"}],"version-history":[{"count":13,"href":"https:\/\/shop.mastinell.com\/ca\/wp-json\/wp\/v2\/pages\/20523\/revisions"}],"predecessor-version":[{"id":33276,"href":"https:\/\/shop.mastinell.com\/ca\/wp-json\/wp\/v2\/pages\/20523\/revisions\/33276"}],"up":[{"embeddable":true,"href":"https:\/\/shop.mastinell.com\/ca\/wp-json\/wp\/v2\/pages\/20243"}],"wp:attachment":[{"href":"https:\/\/shop.mastinell.com\/ca\/wp-json\/wp\/v2\/media?parent=20523"}],"curies":[{"name":"wp","href":"https:\/\/api.w.org\/{rel}","templated":true}]}}