{"id":20650,"date":"2021-06-03T19:04:24","date_gmt":"2021-06-03T17:04:24","guid":{"rendered":"https:\/\/mastinell.com\/?page_id=20650"},"modified":"2021-06-10T02:20:59","modified_gmt":"2021-06-10T00:20:59","slug":"sala-petit-tinell","status":"publish","type":"page","link":"https:\/\/shop.mastinell.com\/ca\/hotel\/espais\/sala-petit-tinell\/","title":{"rendered":"SALA PETIT TINELL"},"content":{"rendered":"\t\t<div data-elementor-type=\"wp-page\" data-elementor-id=\"20650\" class=\"elementor elementor-20650 elementor-8441\" data-elementor-post-type=\"page\">\n\t\t\t\t\t\t<section class=\"elementor-section elementor-top-section elementor-element elementor-element-3180d6ac elementor-section-height-min-height elementor-section-content-middle elementor-section-stretched elementor-section-boxed elementor-section-height-default elementor-section-items-middle\" data-id=\"3180d6ac\" data-element_type=\"section\" data-settings=\"{&quot;stretch_section&quot;:&quot;section-stretched&quot;,&quot;background_background&quot;:&quot;classic&quot;}\">\n\t\t\t\t\t\t<div class=\"elementor-container elementor-column-gap-default\">\n\t\t\t\t\t<div class=\"elementor-column elementor-col-100 elementor-top-column elementor-element elementor-element-460ea373\" data-id=\"460ea373\" data-element_type=\"column\">\n\t\t\t<div class=\"elementor-widget-wrap elementor-element-populated\">\n\t\t\t\t\t\t<div class=\"elementor-element elementor-element-63a90a1a elementor-widget elementor-widget-heading\" data-id=\"63a90a1a\" data-element_type=\"widget\" data-widget_type=\"heading.default\">\n\t\t\t\t<div class=\"elementor-widget-container\">\n\t\t\t\t\t<h1 class=\"elementor-heading-title elementor-size-default\">Sala Petit Tinell<\/h1>\t\t\t\t<\/div>\n\t\t\t\t<\/div>\n\t\t\t\t\t<\/div>\n\t\t<\/div>\n\t\t\t\t\t<\/div>\n\t\t<\/section>\n\t\t\t\t<section class=\"elementor-section elementor-top-section elementor-element elementor-element-57a7da3b elementor-section-boxed elementor-section-height-default elementor-section-height-default\" data-id=\"57a7da3b\" data-element_type=\"section\">\n\t\t\t\t\t\t<div class=\"elementor-container elementor-column-gap-default\">\n\t\t\t\t\t<div class=\"elementor-column elementor-col-100 elementor-top-column elementor-element elementor-element-13731370\" data-id=\"13731370\" data-element_type=\"column\">\n\t\t\t<div class=\"elementor-widget-wrap elementor-element-populated\">\n\t\t\t\t\t\t<div class=\"elementor-element elementor-element-3fedea65 elementor-widget elementor-widget-heading\" data-id=\"3fedea65\" data-element_type=\"widget\" data-widget_type=\"heading.default\">\n\t\t\t\t<div class=\"elementor-widget-container\">\n\t\t\t\t\t<h2 class=\"elementor-heading-title elementor-size-default\">Sala Petit Tinell\n<\/h2>\t\t\t\t<\/div>\n\t\t\t\t<\/div>\n\t\t\t\t<div class=\"elementor-element elementor-element-2d99a952 elementor-widget-divider--view-line elementor-widget elementor-widget-divider\" data-id=\"2d99a952\" data-element_type=\"widget\" data-widget_type=\"divider.default\">\n\t\t\t\t<div class=\"elementor-widget-container\">\n\t\t\t\t\t\t\t<div class=\"elementor-divider\">\n\t\t\t<span class=\"elementor-divider-separator\">\n\t\t\t\t\t\t<\/span>\n\t\t<\/div>\n\t\t\t\t\t\t<\/div>\n\t\t\t\t<\/div>\n\t\t\t\t<div class=\"elementor-element elementor-element-2f0a4eaf elementor-widget elementor-widget-text-editor\" data-id=\"2f0a4eaf\" data-element_type=\"widget\" data-widget_type=\"text-editor.default\">\n\t\t\t\t<div class=\"elementor-widget-container\">\n\t\t\t\t\t\t\t\t\t<p><span style=\"font-weight: 400;\">Petit Tinell \u00e9s un espai dins de la Sala Tinell que es pot a\u00efllar per esdeveniments m\u00e9s petits, creant una atmosfera perfecta per un entorn m\u00e9s \u00edntim. Tamb\u00e9 t\u00e9 acc\u00e9s directe a la terrassa privada.<\/span><\/p><p><span style=\"font-weight: 400;\">Gr\u00e0cies a la separaci\u00f3 amb bombos de disseny o ampollers, disposar\u00e0s d\u2019un espai c\u00e0lid i acollidor, amb la possibilitat de muntar taules cont\u00ednues o taules per grups. Per tot aix\u00f2 resulto ideal per petits esdeveniments, tant di\u00fcrns com nocturns.<\/span><\/p>\t\t\t\t\t\t\t\t<\/div>\n\t\t\t\t<\/div>\n\t\t\t\t<section class=\"elementor-section elementor-inner-section elementor-element elementor-element-056d30d elementor-section-boxed elementor-section-height-default elementor-section-height-default\" data-id=\"056d30d\" data-element_type=\"section\">\n\t\t\t\t\t\t<div class=\"elementor-container elementor-column-gap-default\">\n\t\t\t\t\t<div class=\"elementor-column elementor-col-33 elementor-inner-column elementor-element elementor-element-92bafa1\" data-id=\"92bafa1\" data-element_type=\"column\">\n\t\t\t<div class=\"elementor-widget-wrap elementor-element-populated\">\n\t\t\t\t\t\t<div class=\"elementor-element elementor-element-661d245 elementor-widget elementor-widget-text-editor\" data-id=\"661d245\" data-element_type=\"widget\" data-widget_type=\"text-editor.default\">\n\t\t\t\t<div class=\"elementor-widget-container\">\n\t\t\t\t\t\t\t\t\t<strong>Grand\u00e0ria i capacitat:<\/strong>\n<p>\n120 m2 <br>\n60 persones per banquet <br>\nAcceso directo a la terraza Petit Tinell <\/p>\t\t\t\t\t\t\t\t<\/div>\n\t\t\t\t<\/div>\n\t\t\t\t\t<\/div>\n\t\t<\/div>\n\t\t\t\t<div class=\"elementor-column elementor-col-33 elementor-inner-column elementor-element elementor-element-fc89bf6\" data-id=\"fc89bf6\" data-element_type=\"column\">\n\t\t\t<div class=\"elementor-widget-wrap elementor-element-populated\">\n\t\t\t\t\t\t<div class=\"elementor-element elementor-element-7e93cbf elementor-widget elementor-widget-text-editor\" data-id=\"7e93cbf\" data-element_type=\"widget\" data-widget_type=\"text-editor.default\">\n\t\t\t\t<div class=\"elementor-widget-container\">\n\t\t\t\t\t\t\t\t\t<p><strong>Disponible pels seg\u00fcents tipus d\u2019esdeveniments:<\/strong><\/p><p class=\"p1\">Casaments<br \/>Convencions<br \/>Reunions<br \/>Celebracions<br \/>Tasts<br \/>C\u00f2ctels<br \/>Coffee breaks<br \/>Car launch<\/p>\t\t\t\t\t\t\t\t<\/div>\n\t\t\t\t<\/div>\n\t\t\t\t\t<\/div>\n\t\t<\/div>\n\t\t\t\t<div class=\"elementor-column elementor-col-33 elementor-inner-column elementor-element elementor-element-e535d06\" data-id=\"e535d06\" data-element_type=\"column\">\n\t\t\t<div class=\"elementor-widget-wrap elementor-element-populated\">\n\t\t\t\t\t\t<div class=\"elementor-element elementor-element-89a6afb elementor-widget elementor-widget-text-editor\" data-id=\"89a6afb\" data-element_type=\"widget\" data-widget_type=\"text-editor.default\">\n\t\t\t\t<div class=\"elementor-widget-container\">\n\t\t\t\t\t\t\t\t\t<p><strong>Equipament:<\/strong><\/p><p class=\"p1\">Espai climatitzat <br \/>Disponibilitat d&#8217;equipar tecnol\u00f2gicament a mida<\/p><p>\u00a0<\/p>\t\t\t\t\t\t\t\t<\/div>\n\t\t\t\t<\/div>\n\t\t\t\t\t<\/div>\n\t\t<\/div>\n\t\t\t\t\t<\/div>\n\t\t<\/section>\n\t\t\t\t<div class=\"elementor-element elementor-element-68201d0e elementor-widget elementor-widget-button\" data-id=\"68201d0e\" data-element_type=\"widget\" data-widget_type=\"button.default\">\n\t\t\t\t<div class=\"elementor-widget-container\">\n\t\t\t\t\t\t\t\t\t<div class=\"elementor-button-wrapper\">\n\t\t\t\t\t<a class=\"elementor-button elementor-button-link elementor-size-sm\" href=\"https:\/\/shop.mastinell.com\/ca\/hotel\/espais\/\">\n\t\t\t\t\t\t<span class=\"elementor-button-content-wrapper\">\n\t\t\t\t\t\t\t\t\t<span class=\"elementor-button-text\">tornar a espais<\/span>\n\t\t\t\t\t<\/span>\n\t\t\t\t\t<\/a>\n\t\t\t\t<\/div>\n\t\t\t\t\t\t\t\t<\/div>\n\t\t\t\t<\/div>\n\t\t\t\t\t<\/div>\n\t\t<\/div>\n\t\t\t\t\t<\/div>\n\t\t<\/section>\n\t\t\t\t<section class=\"elementor-section elementor-top-section elementor-element elementor-element-2dacf410 elementor-section-boxed elementor-section-height-default elementor-section-height-default\" data-id=\"2dacf410\" data-element_type=\"section\">\n\t\t\t\t\t\t<div class=\"elementor-container elementor-column-gap-default\">\n\t\t\t\t\t<div class=\"elementor-column elementor-col-100 elementor-top-column elementor-element elementor-element-2f0d09a\" data-id=\"2f0d09a\" data-element_type=\"column\">\n\t\t\t<div class=\"elementor-widget-wrap\">\n\t\t\t\t\t\t\t<\/div>\n\t\t<\/div>\n\t\t\t\t\t<\/div>\n\t\t<\/section>\n\t\t\t\t<\/div>\n\t\t","protected":false},"excerpt":{"rendered":"<p>Sala Petit Tinell Sala Petit Tinell Petit Tinell \u00e9s un espai dins de la Sala Tinell que es pot a\u00efllar per esdeveniments m\u00e9s petits, creant una atmosfera perfecta per un entorn m\u00e9s \u00edntim. Tamb\u00e9 t\u00e9 acc\u00e9s directe a la terrassa privada. Gr\u00e0cies a la separaci\u00f3 amb bombos de disseny o ampollers, disposar\u00e0s d\u2019un espai c\u00e0lid [&hellip;]<\/p>\n","protected":false},"author":1,"featured_media":0,"parent":20523,"menu_order":0,"comment_status":"closed","ping_status":"closed","template":"","meta":{"_acf_changed":false,"footnotes":""},"class_list":["post-20650","page","type-page","status-publish","hentry"],"acf":[],"yoast_head":"<!-- This site is optimized with the Yoast SEO plugin v27.5 - https:\/\/yoast.com\/product\/yoast-seo-wordpress\/ -->\n<title>SALA PETIT TINELL - Mastinell<\/title>\n<meta name=\"robots\" content=\"index, follow, max-snippet:-1, max-image-preview:large, max-video-preview:-1\" \/>\n<link rel=\"canonical\" href=\"https:\/\/shop.mastinell.com\/ca\/hotel\/espais\/sala-petit-tinell\/\" \/>\n<meta property=\"og:locale\" content=\"ca_ES\" \/>\n<meta property=\"og:type\" content=\"article\" \/>\n<meta property=\"og:title\" content=\"SALA PETIT TINELL - Mastinell\" \/>\n<meta property=\"og:description\" content=\"Sala Petit Tinell Sala Petit Tinell Petit Tinell \u00e9s un espai dins de la Sala Tinell que es pot a\u00efllar per esdeveniments m\u00e9s petits, creant una atmosfera perfecta per un entorn m\u00e9s \u00edntim. Tamb\u00e9 t\u00e9 acc\u00e9s directe a la terrassa privada. Gr\u00e0cies a la separaci\u00f3 amb bombos de disseny o ampollers, disposar\u00e0s d\u2019un espai c\u00e0lid [&hellip;]\" \/>\n<meta property=\"og:url\" content=\"https:\/\/shop.mastinell.com\/ca\/hotel\/espais\/sala-petit-tinell\/\" \/>\n<meta property=\"og:site_name\" content=\"Mastinell\" \/>\n<meta property=\"article:publisher\" content=\"https:\/\/www.facebook.com\/CavaHotelMastinell\" \/>\n<meta property=\"article:modified_time\" content=\"2021-06-10T00:20:59+00:00\" \/>\n<meta property=\"og:image\" content=\"https:\/\/mastinell.agencialiverpool.test\/wp-content\/uploads\/2020\/12\/hotel_espacios_petit_tinell_01-660x767.jpg\" \/>\n<meta name=\"twitter:card\" content=\"summary_large_image\" \/>\n<meta name=\"twitter:label1\" content=\"Temps estimat de lectura\" \/>\n\t<meta name=\"twitter:data1\" content=\"2 minuts\" \/>\n<script type=\"application\/ld+json\" class=\"yoast-schema-graph\">{\"@context\":\"https:\\\/\\\/schema.org\",\"@graph\":[{\"@type\":\"WebPage\",\"@id\":\"https:\\\/\\\/shop.mastinell.com\\\/ca\\\/hotel\\\/espais\\\/sala-petit-tinell\\\/\",\"url\":\"https:\\\/\\\/shop.mastinell.com\\\/ca\\\/hotel\\\/espais\\\/sala-petit-tinell\\\/\",\"name\":\"SALA PETIT TINELL - Mastinell\",\"isPartOf\":{\"@id\":\"https:\\\/\\\/mastinell.agencialiverpool.test\\\/#website\"},\"primaryImageOfPage\":{\"@id\":\"https:\\\/\\\/shop.mastinell.com\\\/ca\\\/hotel\\\/espais\\\/sala-petit-tinell\\\/#primaryimage\"},\"image\":{\"@id\":\"https:\\\/\\\/shop.mastinell.com\\\/ca\\\/hotel\\\/espais\\\/sala-petit-tinell\\\/#primaryimage\"},\"thumbnailUrl\":\"https:\\\/\\\/shop.mastinell.com\\\/wp-content\\\/uploads\\\/2020\\\/12\\\/hotel_espacios_petit_tinell_01-660x767.jpg\",\"datePublished\":\"2021-06-03T17:04:24+00:00\",\"dateModified\":\"2021-06-10T00:20:59+00:00\",\"breadcrumb\":{\"@id\":\"https:\\\/\\\/shop.mastinell.com\\\/ca\\\/hotel\\\/espais\\\/sala-petit-tinell\\\/#breadcrumb\"},\"inLanguage\":\"ca\",\"potentialAction\":[{\"@type\":\"ReadAction\",\"target\":[\"https:\\\/\\\/shop.mastinell.com\\\/ca\\\/hotel\\\/espais\\\/sala-petit-tinell\\\/\"]}]},{\"@type\":\"ImageObject\",\"inLanguage\":\"ca\",\"@id\":\"https:\\\/\\\/shop.mastinell.com\\\/ca\\\/hotel\\\/espais\\\/sala-petit-tinell\\\/#primaryimage\",\"url\":\"https:\\\/\\\/shop.mastinell.com\\\/wp-content\\\/uploads\\\/2020\\\/12\\\/hotel_espacios_petit_tinell_01-660x767.jpg\",\"contentUrl\":\"https:\\\/\\\/shop.mastinell.com\\\/wp-content\\\/uploads\\\/2020\\\/12\\\/hotel_espacios_petit_tinell_01-660x767.jpg\"},{\"@type\":\"BreadcrumbList\",\"@id\":\"https:\\\/\\\/shop.mastinell.com\\\/ca\\\/hotel\\\/espais\\\/sala-petit-tinell\\\/#breadcrumb\",\"itemListElement\":[{\"@type\":\"ListItem\",\"position\":1,\"name\":\"Home\",\"item\":\"https:\\\/\\\/shop.mastinell.com\\\/ca\\\/tienda\\\/\"},{\"@type\":\"ListItem\",\"position\":2,\"name\":\"HOTEL\",\"item\":\"https:\\\/\\\/shop.mastinell.com\\\/ca\\\/hotel\\\/\"},{\"@type\":\"ListItem\",\"position\":3,\"name\":\"ESPAIS\",\"item\":\"https:\\\/\\\/shop.mastinell.com\\\/ca\\\/hotel\\\/espais\\\/\"},{\"@type\":\"ListItem\",\"position\":4,\"name\":\"SALA PETIT TINELL\"}]},{\"@type\":\"WebSite\",\"@id\":\"https:\\\/\\\/mastinell.agencialiverpool.test\\\/#website\",\"url\":\"https:\\\/\\\/mastinell.agencialiverpool.test\\\/\",\"name\":\"Mastinell\",\"description\":\"Tienda Oficial\",\"publisher\":{\"@id\":\"https:\\\/\\\/mastinell.agencialiverpool.test\\\/#organization\"},\"potentialAction\":[{\"@type\":\"SearchAction\",\"target\":{\"@type\":\"EntryPoint\",\"urlTemplate\":\"https:\\\/\\\/mastinell.agencialiverpool.test\\\/?s={search_term_string}\"},\"query-input\":{\"@type\":\"PropertyValueSpecification\",\"valueRequired\":true,\"valueName\":\"search_term_string\"}}],\"inLanguage\":\"ca\"},{\"@type\":\"Organization\",\"@id\":\"https:\\\/\\\/mastinell.agencialiverpool.test\\\/#organization\",\"name\":\"Mastinell\",\"url\":\"https:\\\/\\\/mastinell.agencialiverpool.test\\\/\",\"logo\":{\"@type\":\"ImageObject\",\"inLanguage\":\"ca\",\"@id\":\"https:\\\/\\\/mastinell.agencialiverpool.test\\\/#\\\/schema\\\/logo\\\/image\\\/\",\"url\":\"https:\\\/\\\/shop.mastinell.com\\\/wp-content\\\/uploads\\\/2025\\\/01\\\/Mastinell-Cava-y-Hotel-scaled-1.webp\",\"contentUrl\":\"https:\\\/\\\/shop.mastinell.com\\\/wp-content\\\/uploads\\\/2025\\\/01\\\/Mastinell-Cava-y-Hotel-scaled-1.webp\",\"width\":2560,\"height\":531,\"caption\":\"Mastinell\"},\"image\":{\"@id\":\"https:\\\/\\\/mastinell.agencialiverpool.test\\\/#\\\/schema\\\/logo\\\/image\\\/\"},\"sameAs\":[\"https:\\\/\\\/www.facebook.com\\\/CavaHotelMastinell\",\"https:\\\/\\\/www.instagram.com\\\/cavahotel_mastinell\\\/?hl=es\"]}]}<\/script>\n<!-- \/ Yoast SEO plugin. -->","yoast_head_json":{"title":"SALA PETIT TINELL - Mastinell","robots":{"index":"index","follow":"follow","max-snippet":"max-snippet:-1","max-image-preview":"max-image-preview:large","max-video-preview":"max-video-preview:-1"},"canonical":"https:\/\/shop.mastinell.com\/ca\/hotel\/espais\/sala-petit-tinell\/","og_locale":"ca_ES","og_type":"article","og_title":"SALA PETIT TINELL - Mastinell","og_description":"Sala Petit Tinell Sala Petit Tinell Petit Tinell \u00e9s un espai dins de la Sala Tinell que es pot a\u00efllar per esdeveniments m\u00e9s petits, creant una atmosfera perfecta per un entorn m\u00e9s \u00edntim. Tamb\u00e9 t\u00e9 acc\u00e9s directe a la terrassa privada. Gr\u00e0cies a la separaci\u00f3 amb bombos de disseny o ampollers, disposar\u00e0s d\u2019un espai c\u00e0lid [&hellip;]","og_url":"https:\/\/shop.mastinell.com\/ca\/hotel\/espais\/sala-petit-tinell\/","og_site_name":"Mastinell","article_publisher":"https:\/\/www.facebook.com\/CavaHotelMastinell","article_modified_time":"2021-06-10T00:20:59+00:00","og_image":[{"url":"https:\/\/mastinell.agencialiverpool.test\/wp-content\/uploads\/2020\/12\/hotel_espacios_petit_tinell_01-660x767.jpg","type":"","width":"","height":""}],"twitter_card":"summary_large_image","twitter_misc":{"Temps estimat de lectura":"2 minuts"},"schema":{"@context":"https:\/\/schema.org","@graph":[{"@type":"WebPage","@id":"https:\/\/shop.mastinell.com\/ca\/hotel\/espais\/sala-petit-tinell\/","url":"https:\/\/shop.mastinell.com\/ca\/hotel\/espais\/sala-petit-tinell\/","name":"SALA PETIT TINELL - Mastinell","isPartOf":{"@id":"https:\/\/mastinell.agencialiverpool.test\/#website"},"primaryImageOfPage":{"@id":"https:\/\/shop.mastinell.com\/ca\/hotel\/espais\/sala-petit-tinell\/#primaryimage"},"image":{"@id":"https:\/\/shop.mastinell.com\/ca\/hotel\/espais\/sala-petit-tinell\/#primaryimage"},"thumbnailUrl":"https:\/\/shop.mastinell.com\/wp-content\/uploads\/2020\/12\/hotel_espacios_petit_tinell_01-660x767.jpg","datePublished":"2021-06-03T17:04:24+00:00","dateModified":"2021-06-10T00:20:59+00:00","breadcrumb":{"@id":"https:\/\/shop.mastinell.com\/ca\/hotel\/espais\/sala-petit-tinell\/#breadcrumb"},"inLanguage":"ca","potentialAction":[{"@type":"ReadAction","target":["https:\/\/shop.mastinell.com\/ca\/hotel\/espais\/sala-petit-tinell\/"]}]},{"@type":"ImageObject","inLanguage":"ca","@id":"https:\/\/shop.mastinell.com\/ca\/hotel\/espais\/sala-petit-tinell\/#primaryimage","url":"https:\/\/shop.mastinell.com\/wp-content\/uploads\/2020\/12\/hotel_espacios_petit_tinell_01-660x767.jpg","contentUrl":"https:\/\/shop.mastinell.com\/wp-content\/uploads\/2020\/12\/hotel_espacios_petit_tinell_01-660x767.jpg"},{"@type":"BreadcrumbList","@id":"https:\/\/shop.mastinell.com\/ca\/hotel\/espais\/sala-petit-tinell\/#breadcrumb","itemListElement":[{"@type":"ListItem","position":1,"name":"Home","item":"https:\/\/shop.mastinell.com\/ca\/tienda\/"},{"@type":"ListItem","position":2,"name":"HOTEL","item":"https:\/\/shop.mastinell.com\/ca\/hotel\/"},{"@type":"ListItem","position":3,"name":"ESPAIS","item":"https:\/\/shop.mastinell.com\/ca\/hotel\/espais\/"},{"@type":"ListItem","position":4,"name":"SALA PETIT TINELL"}]},{"@type":"WebSite","@id":"https:\/\/mastinell.agencialiverpool.test\/#website","url":"https:\/\/mastinell.agencialiverpool.test\/","name":"Mastinell","description":"Tienda Oficial","publisher":{"@id":"https:\/\/mastinell.agencialiverpool.test\/#organization"},"potentialAction":[{"@type":"SearchAction","target":{"@type":"EntryPoint","urlTemplate":"https:\/\/mastinell.agencialiverpool.test\/?s={search_term_string}"},"query-input":{"@type":"PropertyValueSpecification","valueRequired":true,"valueName":"search_term_string"}}],"inLanguage":"ca"},{"@type":"Organization","@id":"https:\/\/mastinell.agencialiverpool.test\/#organization","name":"Mastinell","url":"https:\/\/mastinell.agencialiverpool.test\/","logo":{"@type":"ImageObject","inLanguage":"ca","@id":"https:\/\/mastinell.agencialiverpool.test\/#\/schema\/logo\/image\/","url":"https:\/\/shop.mastinell.com\/wp-content\/uploads\/2025\/01\/Mastinell-Cava-y-Hotel-scaled-1.webp","contentUrl":"https:\/\/shop.mastinell.com\/wp-content\/uploads\/2025\/01\/Mastinell-Cava-y-Hotel-scaled-1.webp","width":2560,"height":531,"caption":"Mastinell"},"image":{"@id":"https:\/\/mastinell.agencialiverpool.test\/#\/schema\/logo\/image\/"},"sameAs":["https:\/\/www.facebook.com\/CavaHotelMastinell","https:\/\/www.instagram.com\/cavahotel_mastinell\/?hl=es"]}]}},"_links":{"self":[{"href":"https:\/\/shop.mastinell.com\/ca\/wp-json\/wp\/v2\/pages\/20650","targetHints":{"allow":["GET"]}}],"collection":[{"href":"https:\/\/shop.mastinell.com\/ca\/wp-json\/wp\/v2\/pages"}],"about":[{"href":"https:\/\/shop.mastinell.com\/ca\/wp-json\/wp\/v2\/types\/page"}],"author":[{"embeddable":true,"href":"https:\/\/shop.mastinell.com\/ca\/wp-json\/wp\/v2\/users\/1"}],"replies":[{"embeddable":true,"href":"https:\/\/shop.mastinell.com\/ca\/wp-json\/wp\/v2\/comments?post=20650"}],"version-history":[{"count":4,"href":"https:\/\/shop.mastinell.com\/ca\/wp-json\/wp\/v2\/pages\/20650\/revisions"}],"predecessor-version":[{"id":22417,"href":"https:\/\/shop.mastinell.com\/ca\/wp-json\/wp\/v2\/pages\/20650\/revisions\/22417"}],"up":[{"embeddable":true,"href":"https:\/\/shop.mastinell.com\/ca\/wp-json\/wp\/v2\/pages\/20523"}],"wp:attachment":[{"href":"https:\/\/shop.mastinell.com\/ca\/wp-json\/wp\/v2\/media?parent=20650"}],"curies":[{"name":"wp","href":"https:\/\/api.w.org\/{rel}","templated":true}]}}