{"id":20918,"date":"2021-06-04T01:39:07","date_gmt":"2021-06-03T23:39:07","guid":{"rendered":"https:\/\/mastinell.com\/?page_id=20918"},"modified":"2021-06-10T00:52:28","modified_gmt":"2021-06-09T22:52:28","slug":"ubicacio","status":"publish","type":"page","link":"https:\/\/shop.mastinell.com\/ca\/hotel\/ubicacio\/","title":{"rendered":"UBICACI\u00d3"},"content":{"rendered":"\t\t<div data-elementor-type=\"wp-page\" data-elementor-id=\"20918\" class=\"elementor elementor-20918 elementor-8221\" data-elementor-post-type=\"page\">\n\t\t\t\t\t\t<section class=\"elementor-section elementor-top-section elementor-element elementor-element-20990a99 elementor-section-boxed elementor-section-height-default elementor-section-height-default\" data-id=\"20990a99\" data-element_type=\"section\">\n\t\t\t\t\t\t<div class=\"elementor-container elementor-column-gap-default\">\n\t\t\t\t\t<div class=\"elementor-column elementor-col-100 elementor-top-column elementor-element elementor-element-3315ca72\" data-id=\"3315ca72\" data-element_type=\"column\">\n\t\t\t<div class=\"elementor-widget-wrap elementor-element-populated\">\n\t\t\t\t\t\t<div class=\"elementor-element elementor-element-4c8a503a elementor-widget elementor-widget-heading\" data-id=\"4c8a503a\" data-element_type=\"widget\" data-widget_type=\"heading.default\">\n\t\t\t\t<div class=\"elementor-widget-container\">\n\t\t\t\t\t<h2 class=\"elementor-heading-title elementor-size-default\"> Mastinell, centre de l\u2019enoturisme del Pened\u00e8s\n\n\n<\/h2>\t\t\t\t<\/div>\n\t\t\t\t<\/div>\n\t\t\t\t<div class=\"elementor-element elementor-element-623010fe elementor-widget-divider--view-line elementor-widget elementor-widget-divider\" data-id=\"623010fe\" data-element_type=\"widget\" data-widget_type=\"divider.default\">\n\t\t\t\t<div class=\"elementor-widget-container\">\n\t\t\t\t\t\t\t<div class=\"elementor-divider\">\n\t\t\t<span class=\"elementor-divider-separator\">\n\t\t\t\t\t\t<\/span>\n\t\t<\/div>\n\t\t\t\t\t\t<\/div>\n\t\t\t\t<\/div>\n\t\t\t\t<div class=\"elementor-element elementor-element-29e84532 elementor-widget elementor-widget-text-editor\" data-id=\"29e84532\" data-element_type=\"widget\" data-widget_type=\"text-editor.default\">\n\t\t\t\t<div class=\"elementor-widget-container\">\n\t\t\t\t\t\t\t\t\t<p><span style=\"font-weight: 400;\">Mastinell es troba en ple cor del Pened\u00e8s. Aquest lux\u00f3s ressort est\u00e0 situat a nom\u00e9s 10 minuts (1 km) caminant del centre de Vilafranca del Pened\u00e8s, a 20 minuts de les localitats ve\u00efnes de Sitges i Vilanova i la Geltr\u00fa, a 45 minuts de Barcelona i a nom\u00e9s 35 minuts de l\u2019aeroport. Gr\u00e0cies a la seva excel\u00b7lent ubicaci\u00f3, arribar fins el nostre hotel resulta molt f\u00e0cil.<\/span><\/p><p><span style=\"font-weight: 400;\">Ctra. de Vilafranca a Sant Mart\u00ed Sarroca km 0,5<\/span><span style=\"font-weight: 400;\"><br \/><\/span><span style=\"font-weight: 400;\">08720 Vilafranca del Pened\u00e8s, Barcelona, Espa\u00f1a<\/span><span style=\"font-weight: 400;\"><br \/><\/span><span style=\"font-weight: 400;\">Tel: +34 93 115 61 32<\/span><span style=\"font-weight: 400;\"><br \/><\/span><a href=\"mailto:info@hotelmastinell.agencialiverpool.dev\"><span style=\"font-weight: 400;\">info@hotelMastinell.com<\/span><\/a><\/p>\t\t\t\t\t\t\t\t<\/div>\n\t\t\t\t<\/div>\n\t\t\t\t<div class=\"elementor-element elementor-element-415962f elementor-widget elementor-widget-text-editor\" data-id=\"415962f\" data-element_type=\"widget\" data-widget_type=\"text-editor.default\">\n\t\t\t\t<div class=\"elementor-widget-container\">\n\t\t\t\t\t\t\t\t\t<iframe src=\"https:\/\/www.google.com\/maps\/embed?pb=!1m18!1m12!1m3!1d2994.9616409122377!2d1.682805115765876!3d41.35318747926732!2m3!1f0!2f0!3f0!3m2!1i1024!2i768!4f13.1!3m3!1m2!1s0x12a47a03696da257%3A0x6e6f5fd72107d777!2sCava%20%26%20Hotel%20Mastinell!5e0!3m2!1sen!2sus!4v1608605613571!5m2!1sen!2sus\" width=\"1920\" height=\"450\" frameborder=\"0\" style=\"border:0;\" allowfullscreen=\"\" aria-hidden=\"false\" tabindex=\"0\"><\/iframe>\t\t\t\t\t\t\t\t<\/div>\n\t\t\t\t<\/div>\n\t\t\t\t\t<\/div>\n\t\t<\/div>\n\t\t\t\t\t<\/div>\n\t\t<\/section>\n\t\t\t\t<section class=\"elementor-section elementor-top-section elementor-element elementor-element-125e7147 elementor-section-boxed elementor-section-height-default elementor-section-height-default\" data-id=\"125e7147\" data-element_type=\"section\">\n\t\t\t\t\t\t<div class=\"elementor-container elementor-column-gap-default\">\n\t\t\t\t\t<div class=\"elementor-column elementor-col-100 elementor-top-column elementor-element elementor-element-1c943a73\" data-id=\"1c943a73\" data-element_type=\"column\">\n\t\t\t<div class=\"elementor-widget-wrap elementor-element-populated\">\n\t\t\t\t\t\t<div class=\"elementor-element elementor-element-cdfe6be elementor-widget elementor-widget-heading\" data-id=\"cdfe6be\" data-element_type=\"widget\" data-widget_type=\"heading.default\">\n\t\t\t\t<div class=\"elementor-widget-container\">\n\t\t\t\t\t<h2 class=\"elementor-heading-title elementor-size-default\">Com arribar\n\n\n<\/h2>\t\t\t\t<\/div>\n\t\t\t\t<\/div>\n\t\t\t\t<div class=\"elementor-element elementor-element-86ac48a elementor-widget-divider--view-line elementor-widget elementor-widget-divider\" data-id=\"86ac48a\" data-element_type=\"widget\" data-widget_type=\"divider.default\">\n\t\t\t\t<div class=\"elementor-widget-container\">\n\t\t\t\t\t\t\t<div class=\"elementor-divider\">\n\t\t\t<span class=\"elementor-divider-separator\">\n\t\t\t\t\t\t<\/span>\n\t\t<\/div>\n\t\t\t\t\t\t<\/div>\n\t\t\t\t<\/div>\n\t\t\t\t<section class=\"elementor-section elementor-inner-section elementor-element elementor-element-4a1be96 elementor-section-boxed elementor-section-height-default elementor-section-height-default\" data-id=\"4a1be96\" data-element_type=\"section\">\n\t\t\t\t\t\t<div class=\"elementor-container elementor-column-gap-default\">\n\t\t\t\t\t<div class=\"elementor-column elementor-col-33 elementor-inner-column elementor-element elementor-element-516bca0\" data-id=\"516bca0\" data-element_type=\"column\">\n\t\t\t<div class=\"elementor-widget-wrap elementor-element-populated\">\n\t\t\t\t\t\t<div class=\"elementor-element elementor-element-3e97927 elementor-widget elementor-widget-text-editor\" data-id=\"3e97927\" data-element_type=\"widget\" data-widget_type=\"text-editor.default\">\n\t\t\t\t<div class=\"elementor-widget-container\">\n\t\t\t\t\t\t\t\t\t<strong>Cotxe<\/strong><br>\n\nLatitud: 41.353199 (41\u00b0 21\u2032 11.24\u201d N) Longitud: 1.684878 (1\u00b0 41\u2032 5.36\u201d E)\t\t\t\t\t\t\t\t<\/div>\n\t\t\t\t<\/div>\n\t\t\t\t\t<\/div>\n\t\t<\/div>\n\t\t\t\t<div class=\"elementor-column elementor-col-33 elementor-inner-column elementor-element elementor-element-834b598\" data-id=\"834b598\" data-element_type=\"column\">\n\t\t\t<div class=\"elementor-widget-wrap elementor-element-populated\">\n\t\t\t\t\t\t<div class=\"elementor-element elementor-element-6e7084d1 elementor-widget elementor-widget-text-editor\" data-id=\"6e7084d1\" data-element_type=\"widget\" data-widget_type=\"text-editor.default\">\n\t\t\t\t<div class=\"elementor-widget-container\">\n\t\t\t\t\t\t\t\t\t<strong>Autobusos<\/strong><br>\n\nDes de Barcelona Sants, Bus la Selva del Camp-Valls-Vilafranca-Barcelona (dir. Valls)\nDes de Pl. Catalunya, Bus Vilanova i la Geltr\u00fa-Vilafranca del Pened\u00e8s \t\t\t\t\t\t\t\t<\/div>\n\t\t\t\t<\/div>\n\t\t\t\t\t<\/div>\n\t\t<\/div>\n\t\t\t\t<div class=\"elementor-column elementor-col-33 elementor-inner-column elementor-element elementor-element-4d4a3ca\" data-id=\"4d4a3ca\" data-element_type=\"column\">\n\t\t\t<div class=\"elementor-widget-wrap elementor-element-populated\">\n\t\t\t\t\t\t<div class=\"elementor-element elementor-element-1794020 elementor-widget elementor-widget-text-editor\" data-id=\"1794020\" data-element_type=\"widget\" data-widget_type=\"text-editor.default\">\n\t\t\t\t<div class=\"elementor-widget-container\">\n\t\t\t\t\t\t\t\t\t<span style=\"font-weight: 400;\"><b>Trens de Renfe (Vilafranca del Pened\u00e8s):<\/b>\n<\/span><span style=\"font-weight: 400;\">\n<\/span><br>\n\nR4 Manresa-Sant Vicen\u00e7 de Calders\nR2 Granollers Centre-Sant Vicen\u00e7 de Calders\t\t\t\t\t\t\t\t<\/div>\n\t\t\t\t<\/div>\n\t\t\t\t\t<\/div>\n\t\t<\/div>\n\t\t\t\t\t<\/div>\n\t\t<\/section>\n\t\t\t\t\t<\/div>\n\t\t<\/div>\n\t\t\t\t\t<\/div>\n\t\t<\/section>\n\t\t\t\t<section class=\"elementor-section elementor-top-section elementor-element elementor-element-f47f822 elementor-section-boxed elementor-section-height-default elementor-section-height-default\" data-id=\"f47f822\" data-element_type=\"section\">\n\t\t\t\t\t\t<div class=\"elementor-container elementor-column-gap-default\">\n\t\t\t\t\t<div class=\"elementor-column elementor-col-100 elementor-top-column elementor-element elementor-element-84068bb\" data-id=\"84068bb\" data-element_type=\"column\">\n\t\t\t<div class=\"elementor-widget-wrap elementor-element-populated\">\n\t\t\t\t\t\t<div class=\"elementor-element elementor-element-1cc38e6 elementor-widget elementor-widget-html\" data-id=\"1cc38e6\" data-element_type=\"widget\" data-widget_type=\"html.default\">\n\t\t\t\t<div class=\"elementor-widget-container\">\n\t\t\t\t\t<div data-mirai-engine=\"mirai_be\" data-lang=\"es\" data-idhotel=\"100375447\"><\/div>\n<script type=\"text\/javascript\" src=\"https:\/\/js.mirai.com\/mirai-loader\/mirai.loader.js\"><\/script>\n<link rel=\"stylesheet\" type=\"text\/css\" href=\"\/engine.css\" \/>\n <script type=\"text\/javascript\">\n    \/\/ Engine by Language\n    if (jQuery('div[data-mirai-engine=\"mirai_be\"]').length) {\n        jQuery('div[data-mirai-engine=\"mirai_be\"]').attr('data-lang', jQuery('html').attr('lang'));\n    }\n<\/script>\t\t\t\t<\/div>\n\t\t\t\t<\/div>\n\t\t\t\t<div class=\"elementor-element elementor-element-07e6213 elementor-hidden-phone elementor-hidden-desktop elementor-hidden-tablet elementor-widget elementor-widget-shortcode\" data-id=\"07e6213\" data-element_type=\"widget\" data-widget_type=\"shortcode.default\">\n\t\t\t\t<div class=\"elementor-widget-container\">\n\t\t\t\t\t\t\t<div class=\"elementor-shortcode\">[forminator_form id=\"8777\"]<\/div>\n\t\t\t\t\t\t<\/div>\n\t\t\t\t<\/div>\n\t\t\t\t\t<\/div>\n\t\t<\/div>\n\t\t\t\t\t<\/div>\n\t\t<\/section>\n\t\t\t\t<\/div>\n\t\t","protected":false},"excerpt":{"rendered":"<p>Mastinell, centre de l\u2019enoturisme del Pened\u00e8s Mastinell es troba en ple cor del Pened\u00e8s. Aquest lux\u00f3s ressort est\u00e0 situat a nom\u00e9s 10 minuts (1 km) caminant del centre de Vilafranca del Pened\u00e8s, a 20 minuts de les localitats ve\u00efnes de Sitges i Vilanova i la Geltr\u00fa, a 45 minuts de Barcelona i a nom\u00e9s 35 [&hellip;]<\/p>\n","protected":false},"author":1,"featured_media":0,"parent":20243,"menu_order":0,"comment_status":"closed","ping_status":"closed","template":"elementor_header_footer","meta":{"_acf_changed":false,"footnotes":""},"class_list":["post-20918","page","type-page","status-publish","hentry"],"acf":[],"yoast_head":"<!-- This site is optimized with the Yoast SEO plugin v27.4 - https:\/\/yoast.com\/product\/yoast-seo-wordpress\/ -->\n<title>UBICACI\u00d3 - Mastinell<\/title>\n<meta name=\"robots\" content=\"index, follow, max-snippet:-1, max-image-preview:large, max-video-preview:-1\" \/>\n<link rel=\"canonical\" href=\"https:\/\/shop.mastinell.com\/ca\/hotel\/ubicacio\/\" \/>\n<meta property=\"og:locale\" content=\"ca_ES\" \/>\n<meta property=\"og:type\" content=\"article\" \/>\n<meta property=\"og:title\" content=\"UBICACI\u00d3 - Mastinell\" \/>\n<meta property=\"og:description\" content=\"Mastinell, centre de l\u2019enoturisme del Pened\u00e8s Mastinell es troba en ple cor del Pened\u00e8s. Aquest lux\u00f3s ressort est\u00e0 situat a nom\u00e9s 10 minuts (1 km) caminant del centre de Vilafranca del Pened\u00e8s, a 20 minuts de les localitats ve\u00efnes de Sitges i Vilanova i la Geltr\u00fa, a 45 minuts de Barcelona i a nom\u00e9s 35 [&hellip;]\" \/>\n<meta property=\"og:url\" content=\"https:\/\/shop.mastinell.com\/ca\/hotel\/ubicacio\/\" \/>\n<meta property=\"og:site_name\" content=\"Mastinell\" \/>\n<meta property=\"article:publisher\" content=\"https:\/\/www.facebook.com\/CavaHotelMastinell\" \/>\n<meta property=\"article:modified_time\" content=\"2021-06-09T22:52:28+00:00\" \/>\n<meta property=\"og:image\" content=\"https:\/\/shop.mastinell.com\/wp-content\/uploads\/2025\/01\/Mastinell-Cava-y-Hotel-scaled-1.webp\" \/>\n\t<meta property=\"og:image:width\" content=\"2560\" \/>\n\t<meta property=\"og:image:height\" content=\"531\" \/>\n\t<meta property=\"og:image:type\" content=\"image\/webp\" \/>\n<meta name=\"twitter:card\" content=\"summary_large_image\" \/>\n<meta name=\"twitter:label1\" content=\"Temps estimat de lectura\" \/>\n\t<meta name=\"twitter:data1\" content=\"8 minuts\" \/>\n<script type=\"application\/ld+json\" class=\"yoast-schema-graph\">{\"@context\":\"https:\\\/\\\/schema.org\",\"@graph\":[{\"@type\":\"WebPage\",\"@id\":\"https:\\\/\\\/shop.mastinell.com\\\/ca\\\/hotel\\\/ubicacio\\\/\",\"url\":\"https:\\\/\\\/shop.mastinell.com\\\/ca\\\/hotel\\\/ubicacio\\\/\",\"name\":\"UBICACI\u00d3 - Mastinell\",\"isPartOf\":{\"@id\":\"https:\\\/\\\/mastinell.agencialiverpool.test\\\/#website\"},\"datePublished\":\"2021-06-03T23:39:07+00:00\",\"dateModified\":\"2021-06-09T22:52:28+00:00\",\"breadcrumb\":{\"@id\":\"https:\\\/\\\/shop.mastinell.com\\\/ca\\\/hotel\\\/ubicacio\\\/#breadcrumb\"},\"inLanguage\":\"ca\",\"potentialAction\":[{\"@type\":\"ReadAction\",\"target\":[\"https:\\\/\\\/shop.mastinell.com\\\/ca\\\/hotel\\\/ubicacio\\\/\"]}]},{\"@type\":\"BreadcrumbList\",\"@id\":\"https:\\\/\\\/shop.mastinell.com\\\/ca\\\/hotel\\\/ubicacio\\\/#breadcrumb\",\"itemListElement\":[{\"@type\":\"ListItem\",\"position\":1,\"name\":\"Home\",\"item\":\"https:\\\/\\\/shop.mastinell.com\\\/ca\\\/tienda\\\/\"},{\"@type\":\"ListItem\",\"position\":2,\"name\":\"HOTEL\",\"item\":\"https:\\\/\\\/shop.mastinell.com\\\/ca\\\/hotel\\\/\"},{\"@type\":\"ListItem\",\"position\":3,\"name\":\"UBICACI\u00d3\"}]},{\"@type\":\"WebSite\",\"@id\":\"https:\\\/\\\/mastinell.agencialiverpool.test\\\/#website\",\"url\":\"https:\\\/\\\/mastinell.agencialiverpool.test\\\/\",\"name\":\"Mastinell\",\"description\":\"Tienda Oficial\",\"publisher\":{\"@id\":\"https:\\\/\\\/mastinell.agencialiverpool.test\\\/#organization\"},\"potentialAction\":[{\"@type\":\"SearchAction\",\"target\":{\"@type\":\"EntryPoint\",\"urlTemplate\":\"https:\\\/\\\/mastinell.agencialiverpool.test\\\/?s={search_term_string}\"},\"query-input\":{\"@type\":\"PropertyValueSpecification\",\"valueRequired\":true,\"valueName\":\"search_term_string\"}}],\"inLanguage\":\"ca\"},{\"@type\":\"Organization\",\"@id\":\"https:\\\/\\\/mastinell.agencialiverpool.test\\\/#organization\",\"name\":\"Mastinell\",\"url\":\"https:\\\/\\\/mastinell.agencialiverpool.test\\\/\",\"logo\":{\"@type\":\"ImageObject\",\"inLanguage\":\"ca\",\"@id\":\"https:\\\/\\\/mastinell.agencialiverpool.test\\\/#\\\/schema\\\/logo\\\/image\\\/\",\"url\":\"https:\\\/\\\/shop.mastinell.com\\\/wp-content\\\/uploads\\\/2025\\\/01\\\/Mastinell-Cava-y-Hotel-scaled-1.webp\",\"contentUrl\":\"https:\\\/\\\/shop.mastinell.com\\\/wp-content\\\/uploads\\\/2025\\\/01\\\/Mastinell-Cava-y-Hotel-scaled-1.webp\",\"width\":2560,\"height\":531,\"caption\":\"Mastinell\"},\"image\":{\"@id\":\"https:\\\/\\\/mastinell.agencialiverpool.test\\\/#\\\/schema\\\/logo\\\/image\\\/\"},\"sameAs\":[\"https:\\\/\\\/www.facebook.com\\\/CavaHotelMastinell\",\"https:\\\/\\\/www.instagram.com\\\/cavahotel_mastinell\\\/?hl=es\"]}]}<\/script>\n<!-- \/ Yoast SEO plugin. -->","yoast_head_json":{"title":"UBICACI\u00d3 - Mastinell","robots":{"index":"index","follow":"follow","max-snippet":"max-snippet:-1","max-image-preview":"max-image-preview:large","max-video-preview":"max-video-preview:-1"},"canonical":"https:\/\/shop.mastinell.com\/ca\/hotel\/ubicacio\/","og_locale":"ca_ES","og_type":"article","og_title":"UBICACI\u00d3 - Mastinell","og_description":"Mastinell, centre de l\u2019enoturisme del Pened\u00e8s Mastinell es troba en ple cor del Pened\u00e8s. Aquest lux\u00f3s ressort est\u00e0 situat a nom\u00e9s 10 minuts (1 km) caminant del centre de Vilafranca del Pened\u00e8s, a 20 minuts de les localitats ve\u00efnes de Sitges i Vilanova i la Geltr\u00fa, a 45 minuts de Barcelona i a nom\u00e9s 35 [&hellip;]","og_url":"https:\/\/shop.mastinell.com\/ca\/hotel\/ubicacio\/","og_site_name":"Mastinell","article_publisher":"https:\/\/www.facebook.com\/CavaHotelMastinell","article_modified_time":"2021-06-09T22:52:28+00:00","og_image":[{"width":2560,"height":531,"url":"https:\/\/shop.mastinell.com\/wp-content\/uploads\/2025\/01\/Mastinell-Cava-y-Hotel-scaled-1.webp","type":"image\/webp"}],"twitter_card":"summary_large_image","twitter_misc":{"Temps estimat de lectura":"8 minuts"},"schema":{"@context":"https:\/\/schema.org","@graph":[{"@type":"WebPage","@id":"https:\/\/shop.mastinell.com\/ca\/hotel\/ubicacio\/","url":"https:\/\/shop.mastinell.com\/ca\/hotel\/ubicacio\/","name":"UBICACI\u00d3 - Mastinell","isPartOf":{"@id":"https:\/\/mastinell.agencialiverpool.test\/#website"},"datePublished":"2021-06-03T23:39:07+00:00","dateModified":"2021-06-09T22:52:28+00:00","breadcrumb":{"@id":"https:\/\/shop.mastinell.com\/ca\/hotel\/ubicacio\/#breadcrumb"},"inLanguage":"ca","potentialAction":[{"@type":"ReadAction","target":["https:\/\/shop.mastinell.com\/ca\/hotel\/ubicacio\/"]}]},{"@type":"BreadcrumbList","@id":"https:\/\/shop.mastinell.com\/ca\/hotel\/ubicacio\/#breadcrumb","itemListElement":[{"@type":"ListItem","position":1,"name":"Home","item":"https:\/\/shop.mastinell.com\/ca\/tienda\/"},{"@type":"ListItem","position":2,"name":"HOTEL","item":"https:\/\/shop.mastinell.com\/ca\/hotel\/"},{"@type":"ListItem","position":3,"name":"UBICACI\u00d3"}]},{"@type":"WebSite","@id":"https:\/\/mastinell.agencialiverpool.test\/#website","url":"https:\/\/mastinell.agencialiverpool.test\/","name":"Mastinell","description":"Tienda Oficial","publisher":{"@id":"https:\/\/mastinell.agencialiverpool.test\/#organization"},"potentialAction":[{"@type":"SearchAction","target":{"@type":"EntryPoint","urlTemplate":"https:\/\/mastinell.agencialiverpool.test\/?s={search_term_string}"},"query-input":{"@type":"PropertyValueSpecification","valueRequired":true,"valueName":"search_term_string"}}],"inLanguage":"ca"},{"@type":"Organization","@id":"https:\/\/mastinell.agencialiverpool.test\/#organization","name":"Mastinell","url":"https:\/\/mastinell.agencialiverpool.test\/","logo":{"@type":"ImageObject","inLanguage":"ca","@id":"https:\/\/mastinell.agencialiverpool.test\/#\/schema\/logo\/image\/","url":"https:\/\/shop.mastinell.com\/wp-content\/uploads\/2025\/01\/Mastinell-Cava-y-Hotel-scaled-1.webp","contentUrl":"https:\/\/shop.mastinell.com\/wp-content\/uploads\/2025\/01\/Mastinell-Cava-y-Hotel-scaled-1.webp","width":2560,"height":531,"caption":"Mastinell"},"image":{"@id":"https:\/\/mastinell.agencialiverpool.test\/#\/schema\/logo\/image\/"},"sameAs":["https:\/\/www.facebook.com\/CavaHotelMastinell","https:\/\/www.instagram.com\/cavahotel_mastinell\/?hl=es"]}]}},"_links":{"self":[{"href":"https:\/\/shop.mastinell.com\/ca\/wp-json\/wp\/v2\/pages\/20918","targetHints":{"allow":["GET"]}}],"collection":[{"href":"https:\/\/shop.mastinell.com\/ca\/wp-json\/wp\/v2\/pages"}],"about":[{"href":"https:\/\/shop.mastinell.com\/ca\/wp-json\/wp\/v2\/types\/page"}],"author":[{"embeddable":true,"href":"https:\/\/shop.mastinell.com\/ca\/wp-json\/wp\/v2\/users\/1"}],"replies":[{"embeddable":true,"href":"https:\/\/shop.mastinell.com\/ca\/wp-json\/wp\/v2\/comments?post=20918"}],"version-history":[{"count":2,"href":"https:\/\/shop.mastinell.com\/ca\/wp-json\/wp\/v2\/pages\/20918\/revisions"}],"predecessor-version":[{"id":22276,"href":"https:\/\/shop.mastinell.com\/ca\/wp-json\/wp\/v2\/pages\/20918\/revisions\/22276"}],"up":[{"embeddable":true,"href":"https:\/\/shop.mastinell.com\/ca\/wp-json\/wp\/v2\/pages\/20243"}],"wp:attachment":[{"href":"https:\/\/shop.mastinell.com\/ca\/wp-json\/wp\/v2\/media?parent=20918"}],"curies":[{"name":"wp","href":"https:\/\/api.w.org\/{rel}","templated":true}]}}